{"id":11889,"date":"2023-01-31T14:33:07","date_gmt":"2023-01-31T14:33:07","guid":{"rendered":"https:\/\/www.germancentre.com\/leistungen\/raume-und-buros\/"},"modified":"2024-04-23T11:32:37","modified_gmt":"2024-04-23T11:32:37","slug":"raume-und-buros","status":"publish","type":"page","link":"https:\/\/www.germancentre.com\/es\/leistungen\/raume-und-buros\/","title":{"rendered":"Oficinas y espacios"},"content":{"rendered":"<p><div class=\"fusion-fullwidth fullwidth-box fusion-builder-row-1 fusion-flex-container has-pattern-background has-mask-background nonhundred-percent-fullwidth non-hundred-percent-height-scrolling opener mobile-padding mobile-no-wrap highlights\" style=\"--awb-border-radius-top-left:0px;--awb-border-radius-top-right:0px;--awb-border-radius-bottom-right:0px;--awb-border-radius-bottom-left:0px;--awb-padding-top:0px;--awb-padding-bottom:0px;--awb-background-color:var(--awb-custom_color_1);--awb-flex-wrap:wrap;\" ><div class=\"fusion-builder-row fusion-row fusion-flex-align-items-center fusion-flex-justify-content-flex-end fusion-flex-content-wrap\" style=\"max-width:1539.2px;margin-left: calc(-4% \/ 2 );margin-right: calc(-4% \/ 2 );\"><div class=\"fusion-layout-column fusion_builder_column fusion-builder-column-0 fusion_builder_column_1_2 1_2 fusion-flex-column fusion-animated\" style=\"--awb-bg-size:cover;--awb-width-large:50%;--awb-margin-top-large:0px;--awb-spacing-right-large:3.84%;--awb-margin-bottom-large:0px;--awb-spacing-left-large:3.84%;--awb-width-medium:50%;--awb-order-medium:0;--awb-spacing-right-medium:3.84%;--awb-spacing-left-medium:3.84%;--awb-width-small:100%;--awb-order-small:0;--awb-spacing-right-small:1.92%;--awb-spacing-left-small:1.92%;\" data-animationType=\"fadeInLeft\" data-animationDuration=\"0.5\" data-animationOffset=\"top-into-view\"><div class=\"fusion-column-wrapper fusion-column-has-shadow fusion-flex-justify-content-flex-start fusion-content-layout-column\"><div class=\"fusion-title title fusion-title-1 fusion-sep-none fusion-title-text fusion-title-size-one text-white head-1\" style=\"--awb-margin-top-small:10px;--awb-margin-right-small:0px;--awb-margin-bottom-small:10px;--awb-margin-left-small:0px;\"><h1 class=\"fusion-title-heading title-heading-left\" style=\"margin:0;\">Espacio para crecer<\/h1><\/div><div class=\"fusion-title title fusion-title-2 fusion-sep-none fusion-title-text fusion-title-size-two text-white head-2 max-text\" style=\"--awb-margin-top-small:10px;--awb-margin-right-small:0px;--awb-margin-bottom-small:10px;--awb-margin-left-small:0px;\"><h2 class=\"fusion-title-heading title-heading-left\" style=\"margin:0;\">Salas y oficinas<\/h2><\/div><div class=\"fusion-text fusion-text-1 text-white max-text\" style=\"--awb-text-color:var(--awb-custom_color_4);\"><p>Ya necesite una sola oficina, una oficina de ventas o espacio de oficinas con sala de exposiciones, tenemos el espacio adecuado para usted. Planificamos con usted a largo plazo: nuestras soluciones de espacio flexible ofrecen mucha flexibilidad para crecer en edificios modernos con instalaciones bien mantenidas y funcionales. German Centre es la direcci\u00f3n adecuada para su negocio \u201cMade in Germany\u201d.<\/p>\n<\/div><\/div><\/div><div class=\"fusion-layout-column fusion_builder_column fusion-builder-column-1 fusion_builder_column_1_2 1_2 fusion-flex-column fusion-flex-align-self-flex-start fusion-animated floating-gallery\" style=\"--awb-bg-size:cover;--awb-width-large:50%;--awb-margin-top-large:0px;--awb-spacing-right-large:3.84%;--awb-margin-bottom-large:0px;--awb-spacing-left-large:3.84%;--awb-width-medium:50%;--awb-order-medium:0;--awb-spacing-right-medium:3.84%;--awb-spacing-left-medium:3.84%;--awb-width-small:100%;--awb-order-small:0;--awb-spacing-right-small:1.92%;--awb-spacing-left-small:1.92%;\" data-animationType=\"fadeInRight\" data-animationDuration=\"0.5\" data-animationOffset=\"top-into-view\"><div class=\"fusion-column-wrapper fusion-column-has-shadow fusion-flex-justify-content-center fusion-content-layout-row\"><div class=\"fusion-builder-row fusion-builder-row-inner fusion-row fusion-flex-align-items-center fusion-flex-justify-content-flex-end fusion-flex-content-wrap\" style=\"--awb-flex-grow:0;--awb-flex-grow-medium:0;--awb-flex-grow-small:0;--awb-flex-shrink:0;--awb-flex-shrink-medium:0;--awb-flex-shrink-small:0;width:104% !important;max-width:104% !important;margin-left: calc(-4% \/ 2 );margin-right: calc(-4% \/ 2 );\"><div class=\"fusion-layout-column fusion_builder_column_inner fusion-builder-nested-column-0 fusion_builder_column_inner_4_5 4_5 fusion-flex-column only-one-image\" style=\"--awb-bg-size:cover;--awb-width-large:80%;--awb-margin-top-large:0px;--awb-spacing-right-large:2.4%;--awb-margin-bottom-large:0px;--awb-spacing-left-large:2.4%;--awb-width-medium:80%;--awb-order-medium:0;--awb-spacing-right-medium:2.4%;--awb-spacing-left-medium:2.4%;--awb-width-small:100%;--awb-order-small:0;--awb-spacing-right-small:1.92%;--awb-spacing-left-small:1.92%;\"><div class=\"fusion-column-wrapper fusion-column-has-shadow fusion-flex-justify-content-flex-start fusion-content-layout-column\"><div class=\"fusion-image-element \" style=\"--awb-caption-title-font-family:var(--h2_typography-font-family);--awb-caption-title-font-weight:var(--h2_typography-font-weight);--awb-caption-title-font-style:var(--h2_typography-font-style);--awb-caption-title-size:var(--h2_typography-font-size);--awb-caption-title-transform:var(--h2_typography-text-transform);--awb-caption-title-line-height:var(--h2_typography-line-height);--awb-caption-title-letter-spacing:var(--h2_typography-letter-spacing);\"><span class=\" fusion-imageframe imageframe-none imageframe-1 hover-type-none\"><img decoding=\"async\" width=\"1480\" height=\"1044\" title=\"B\u00fcro mieten im Ausland\" src=\"https:\/\/www.germancentre.com\/wp-content\/uploads\/2023\/01\/buero-mieten-ausland.jpg\" alt class=\"img-responsive wp-image-3197\" srcset=\"https:\/\/www.germancentre.com\/wp-content\/uploads\/2023\/01\/buero-mieten-ausland-200x141.jpg 200w, https:\/\/www.germancentre.com\/wp-content\/uploads\/2023\/01\/buero-mieten-ausland-400x282.jpg 400w, https:\/\/www.germancentre.com\/wp-content\/uploads\/2023\/01\/buero-mieten-ausland-600x423.jpg 600w, https:\/\/www.germancentre.com\/wp-content\/uploads\/2023\/01\/buero-mieten-ausland-800x564.jpg 800w, https:\/\/www.germancentre.com\/wp-content\/uploads\/2023\/01\/buero-mieten-ausland-1200x846.jpg 1200w, https:\/\/www.germancentre.com\/wp-content\/uploads\/2023\/01\/buero-mieten-ausland.jpg 1480w\" sizes=\"(max-width: 1023px) 100vw, 1200px\" \/><\/span><\/div><\/div><\/div><\/div><\/div><\/div><\/div><\/div><div class=\"fusion-fullwidth fullwidth-box fusion-builder-row-2 fusion-flex-container has-pattern-background has-mask-background nonhundred-percent-fullwidth non-hundred-percent-height-scrolling mobile-padding small-width\" style=\"--awb-border-radius-top-left:0px;--awb-border-radius-top-right:0px;--awb-border-radius-bottom-right:0px;--awb-border-radius-bottom-left:0px;--awb-padding-top:8%;--awb-padding-bottom:0px;--awb-background-color:var(--awb-color1);--awb-background-image:linear-gradient(180deg, var(--awb-color1) 70%,var(--awb-color1) 70%);--awb-flex-wrap:wrap;\" ><div class=\"fusion-builder-row fusion-row fusion-flex-align-items-flex-start fusion-flex-content-wrap\" style=\"max-width:1539.2px;margin-left: calc(-4% \/ 2 );margin-right: calc(-4% \/ 2 );\"><div class=\"fusion-layout-column fusion_builder_column fusion-builder-column-2 fusion_builder_column_1_1 1_1 fusion-flex-column fusion-animated inner-padding-column\" style=\"--awb-padding-bottom:1%;--awb-bg-size:cover;--awb-width-large:100%;--awb-margin-top-large:0px;--awb-spacing-right-large:1.92%;--awb-margin-bottom-large:0px;--awb-spacing-left-large:1.92%;--awb-width-medium:100%;--awb-order-medium:0;--awb-spacing-right-medium:1.92%;--awb-spacing-left-medium:1.92%;--awb-width-small:100%;--awb-order-small:0;--awb-spacing-right-small:1.92%;--awb-spacing-left-small:1.92%;\" data-animationType=\"fadeInRight\" data-animationDuration=\"0.5\" data-animationOffset=\"top-into-view\"><div class=\"fusion-column-wrapper fusion-column-has-shadow fusion-flex-justify-content-flex-start fusion-content-layout-column\"><div class=\"fusion-title title fusion-title-3 fusion-sep-none fusion-title-text fusion-title-size-three head-4 head-width-large\" style=\"--awb-margin-top-small:10px;--awb-margin-right-small:0px;--awb-margin-bottom-small:10px;--awb-margin-left-small:0px;\"><h3 class=\"fusion-title-heading title-heading-left\" style=\"margin:0;\">Salas para trabajar, establecer contactos, exponer, reunirse y celebrar<\/h3><\/div><div class=\"fusion-text fusion-text-2\"><p>German Centres son edificios de oficinas con una amplia gama de espacios y servicios. En la zona de coworking podr\u00e1 trabajar con gran flexibilidad. Las oficinas con servicios ofrecen todo lo necesario para empezar a trabajar r\u00e1pidamente. Puede amueblar su propia oficina seg\u00fan sus necesidades. Podr\u00e1 reunirse con expertos, intercambiar ideas, desarrollar y probar productos o mostrarlos a un p\u00fablico especializado. Y como los German Centres son comunidades llenas de vida, hay muchas oportunidades de conocer a sus empleados, clientes y socios.<\/p>\n<\/div><\/div><\/div><\/div><\/div><div class=\"fusion-fullwidth fullwidth-box fusion-builder-row-3 fusion-flex-container has-pattern-background has-mask-background nonhundred-percent-fullwidth non-hundred-percent-height-scrolling swiper three-columns max-content medium-width\" style=\"--awb-border-radius-top-left:0px;--awb-border-radius-top-right:0px;--awb-border-radius-bottom-right:0px;--awb-border-radius-bottom-left:0px;--awb-padding-top:0px;--awb-padding-bottom:0px;--awb-flex-wrap:wrap;\" ><div class=\"fusion-builder-row fusion-row fusion-flex-align-items-flex-start fusion-flex-content-wrap\" style=\"max-width:1539.2px;margin-left: calc(-4% \/ 2 );margin-right: calc(-4% \/ 2 );\"><div class=\"fusion-layout-column fusion_builder_column fusion-builder-column-3 fusion_builder_column_1_1 1_1 fusion-flex-column fusion-animated teaser-card photo swiper-slide\" style=\"--awb-bg-color:var(--awb-color1);--awb-bg-color-hover:var(--awb-color1);--awb-bg-size:cover;--awb-width-large:100%;--awb-margin-top-large:20px;--awb-spacing-right-large:1.92%;--awb-margin-bottom-large:20px;--awb-spacing-left-large:1.92%;--awb-width-medium:100%;--awb-order-medium:0;--awb-spacing-right-medium:1.92%;--awb-spacing-left-medium:1.92%;--awb-width-small:100%;--awb-order-small:0;--awb-spacing-right-small:1.92%;--awb-spacing-left-small:1.92%;\" data-animationType=\"fadeInUp\" data-animationDuration=\"0.5\" data-animationOffset=\"top-mid-of-view\"><div class=\"fusion-column-wrapper fusion-column-has-shadow fusion-flex-justify-content-flex-start fusion-content-layout-column\"><div class=\"fusion-image-element \" style=\"text-align:center;--awb-margin-bottom:20px;--awb-caption-title-font-family:var(--h2_typography-font-family);--awb-caption-title-font-weight:var(--h2_typography-font-weight);--awb-caption-title-font-style:var(--h2_typography-font-style);--awb-caption-title-size:var(--h2_typography-font-size);--awb-caption-title-transform:var(--h2_typography-text-transform);--awb-caption-title-line-height:var(--h2_typography-line-height);--awb-caption-title-letter-spacing:var(--h2_typography-letter-spacing);\"><span class=\" fusion-imageframe imageframe-none imageframe-2 hover-type-none\"><img decoding=\"async\" width=\"740\" height=\"522\" alt=\"B\u00fcros in vielen Gr\u00f6\u00dfen\" title=\"bueros-in-vielen-groessen\" src=\"https:\/\/www.germancentre.com\/wp-content\/uploads\/2023\/04\/bueros-in-vielen-groessen.jpg\" class=\"img-responsive wp-image-5886\" srcset=\"https:\/\/www.germancentre.com\/wp-content\/uploads\/2023\/04\/bueros-in-vielen-groessen-200x141.jpg 200w, https:\/\/www.germancentre.com\/wp-content\/uploads\/2023\/04\/bueros-in-vielen-groessen-400x282.jpg 400w, https:\/\/www.germancentre.com\/wp-content\/uploads\/2023\/04\/bueros-in-vielen-groessen-600x423.jpg 600w, https:\/\/www.germancentre.com\/wp-content\/uploads\/2023\/04\/bueros-in-vielen-groessen.jpg 740w\" sizes=\"(max-width: 1023px) 100vw, 740px\" \/><\/span><\/div><div class=\"fusion-title title fusion-title-4 fusion-sep-none fusion-title-text fusion-title-size-three\" style=\"--awb-margin-top:20px;--awb-margin-top-small:10px;--awb-margin-right-small:0px;--awb-margin-bottom-small:10px;--awb-margin-left-small:0px;\"><h3 class=\"fusion-title-heading title-heading-left\" style=\"margin:0;\">Oficinas de muchos tama\u00f1os<\/h3><\/div><div class=\"fusion-text fusion-text-3\"><p>German Centres disponen de oficinas para todas las necesidades: desde oficinas con servicios hasta oficinas de varios 100 m<sup>2<\/sup>. Puede equipar su oficina usted mismo o con nosotros. Los espacios m\u00e1s peque\u00f1os son \u201cplug and play\u201d. Todo est\u00e1 preparado para que pueda empezar a trabajar de inmediato.<\/p>\n<\/div><div class=\"fusion-separator fusion-full-width-sep\" style=\"align-self: center;margin-left: auto;margin-right: auto;margin-bottom:20px;width:100%;\"><\/div><ul style=\"--awb-size:13px;--awb-margin-top:0px;--awb-iconcolor:var(--awb-custom_color_1);--awb-line-height:22.1px;--awb-icon-width:22.1px;--awb-icon-height:22.1px;--awb-icon-margin:9.1px;--awb-content-margin:31.2px;--awb-circlecolor:transparent;--awb-circle-yes-font-size:11.44px;\" class=\"fusion-checklist fusion-checklist-1 fusion-checklist-default type-icons square-list uppercase\"><li class=\"fusion-li-item\" style=\"\"><span class=\"icon-wrapper circle-yes\"><i class=\"fusion-li-icon fa-square-full fas\" aria-hidden=\"true\"><\/i><\/span><div class=\"fusion-li-item-content\">\n<p>P\u00f3ngase en marcha de inmediato en la oficina con servicios<\/p>\n<\/div><\/li><li class=\"fusion-li-item\" style=\"\"><span class=\"icon-wrapper circle-yes\"><i class=\"fusion-li-icon fa-square-full fas\" aria-hidden=\"true\"><\/i><\/span><div class=\"fusion-li-item-content\">\n<p>Crecimiento constante en oficinas de 20 a 1.000 m<sup>2<\/sup><\/p>\n<\/div><\/li><\/ul><\/div><\/div><div class=\"fusion-layout-column fusion_builder_column fusion-builder-column-4 fusion_builder_column_1_1 1_1 fusion-flex-column fusion-animated teaser-card photo swiper-slide\" style=\"--awb-bg-color:var(--awb-color1);--awb-bg-color-hover:var(--awb-color1);--awb-bg-size:cover;--awb-width-large:100%;--awb-margin-top-large:20px;--awb-spacing-right-large:1.92%;--awb-margin-bottom-large:20px;--awb-spacing-left-large:1.92%;--awb-width-medium:100%;--awb-order-medium:0;--awb-spacing-right-medium:1.92%;--awb-spacing-left-medium:1.92%;--awb-width-small:100%;--awb-order-small:0;--awb-spacing-right-small:1.92%;--awb-spacing-left-small:1.92%;\" data-animationType=\"fadeInUp\" data-animationDuration=\"0.5\" data-animationOffset=\"top-mid-of-view\"><div class=\"fusion-column-wrapper fusion-column-has-shadow fusion-flex-justify-content-flex-start fusion-content-layout-column\"><div class=\"fusion-image-element \" style=\"text-align:center;--awb-margin-bottom:20px;--awb-caption-title-font-family:var(--h2_typography-font-family);--awb-caption-title-font-weight:var(--h2_typography-font-weight);--awb-caption-title-font-style:var(--h2_typography-font-style);--awb-caption-title-size:var(--h2_typography-font-size);--awb-caption-title-transform:var(--h2_typography-text-transform);--awb-caption-title-line-height:var(--h2_typography-line-height);--awb-caption-title-letter-spacing:var(--h2_typography-letter-spacing);\"><span class=\" fusion-imageframe imageframe-none imageframe-3 hover-type-none\"><img decoding=\"async\" width=\"740\" height=\"522\" alt=\"Coworking Spaces\" title=\"coworking-spaces\" src=\"https:\/\/www.germancentre.com\/wp-content\/uploads\/2023\/04\/coworking-spaces.jpg\" class=\"img-responsive wp-image-5894\" srcset=\"https:\/\/www.germancentre.com\/wp-content\/uploads\/2023\/04\/coworking-spaces-200x141.jpg 200w, https:\/\/www.germancentre.com\/wp-content\/uploads\/2023\/04\/coworking-spaces-400x282.jpg 400w, https:\/\/www.germancentre.com\/wp-content\/uploads\/2023\/04\/coworking-spaces-600x423.jpg 600w, https:\/\/www.germancentre.com\/wp-content\/uploads\/2023\/04\/coworking-spaces.jpg 740w\" sizes=\"(max-width: 1023px) 100vw, 740px\" \/><\/span><\/div><div class=\"fusion-title title fusion-title-5 fusion-sep-none fusion-title-text fusion-title-size-three\" style=\"--awb-margin-top:20px;--awb-margin-top-small:10px;--awb-margin-right-small:0px;--awb-margin-bottom-small:10px;--awb-margin-left-small:0px;\"><h3 class=\"fusion-title-heading title-heading-left\" style=\"margin:0;\">Espacio de coworking<\/h3><\/div><div class=\"fusion-text fusion-text-4\"><p>Un espacio de coworking es la mejor manera para que las empresas emergentes y las peque\u00f1as empresas o proyectos de trabajo temporal se inicien en los negocios internacionales: inmediatamente disponible, barato y con una conexi\u00f3n directa con la comunidad del German Centre.<\/p>\n<\/div><div class=\"fusion-separator fusion-full-width-sep\" style=\"align-self: center;margin-left: auto;margin-right: auto;margin-bottom:20px;width:100%;\"><\/div><ul style=\"--awb-size:13px;--awb-margin-top:0px;--awb-iconcolor:var(--awb-custom_color_1);--awb-line-height:22.1px;--awb-icon-width:22.1px;--awb-icon-height:22.1px;--awb-icon-margin:9.1px;--awb-content-margin:31.2px;--awb-circlecolor:transparent;--awb-circle-yes-font-size:11.44px;\" class=\"fusion-checklist fusion-checklist-2 fusion-checklist-default type-icons square-list uppercase\"><li class=\"fusion-li-item\" style=\"\"><span class=\"icon-wrapper circle-yes\"><i class=\"fusion-li-icon fa-square-full fas\" aria-hidden=\"true\"><\/i><\/span><div class=\"fusion-li-item-content\">\n<p>R\u00e1pida entrada en nuevos mercados<\/p>\n<\/div><\/li><li class=\"fusion-li-item\" style=\"\"><span class=\"icon-wrapper circle-yes\"><i class=\"fusion-li-icon fa-square-full fas\" aria-hidden=\"true\"><\/i><\/span><div class=\"fusion-li-item-content\">\n<p>Rentabilidad y plazos cortos<\/p>\n<\/div><\/li><\/ul><\/div><\/div><div class=\"fusion-layout-column fusion_builder_column fusion-builder-column-5 fusion_builder_column_1_1 1_1 fusion-flex-column fusion-animated teaser-card photo swiper-slide\" style=\"--awb-bg-color:var(--awb-color1);--awb-bg-color-hover:var(--awb-color1);--awb-bg-size:cover;--awb-width-large:100%;--awb-margin-top-large:20px;--awb-spacing-right-large:1.92%;--awb-margin-bottom-large:20px;--awb-spacing-left-large:1.92%;--awb-width-medium:100%;--awb-order-medium:0;--awb-spacing-right-medium:1.92%;--awb-spacing-left-medium:1.92%;--awb-width-small:100%;--awb-order-small:0;--awb-spacing-right-small:1.92%;--awb-spacing-left-small:1.92%;\" data-animationType=\"fadeInUp\" data-animationDuration=\"0.5\" data-animationOffset=\"top-mid-of-view\"><div class=\"fusion-column-wrapper fusion-column-has-shadow fusion-flex-justify-content-flex-start fusion-content-layout-column\"><div class=\"fusion-image-element \" style=\"text-align:center;--awb-margin-bottom:20px;--awb-caption-title-font-family:var(--h2_typography-font-family);--awb-caption-title-font-weight:var(--h2_typography-font-weight);--awb-caption-title-font-style:var(--h2_typography-font-style);--awb-caption-title-size:var(--h2_typography-font-size);--awb-caption-title-transform:var(--h2_typography-text-transform);--awb-caption-title-line-height:var(--h2_typography-line-height);--awb-caption-title-letter-spacing:var(--h2_typography-letter-spacing);\"><span class=\" fusion-imageframe imageframe-none imageframe-4 hover-type-none\"><img decoding=\"async\" width=\"740\" height=\"522\" title=\"Showroom mieten international\" src=\"https:\/\/www.germancentre.com\/wp-content\/uploads\/2023\/02\/showroom-mieten-international.jpg\" alt class=\"img-responsive wp-image-3207\" srcset=\"https:\/\/www.germancentre.com\/wp-content\/uploads\/2023\/02\/showroom-mieten-international-200x141.jpg 200w, https:\/\/www.germancentre.com\/wp-content\/uploads\/2023\/02\/showroom-mieten-international-400x282.jpg 400w, https:\/\/www.germancentre.com\/wp-content\/uploads\/2023\/02\/showroom-mieten-international-600x423.jpg 600w, https:\/\/www.germancentre.com\/wp-content\/uploads\/2023\/02\/showroom-mieten-international.jpg 740w\" sizes=\"(max-width: 1023px) 100vw, 740px\" \/><\/span><\/div><div class=\"fusion-title title fusion-title-6 fusion-sep-none fusion-title-text fusion-title-size-three\" style=\"--awb-margin-top:20px;--awb-margin-top-small:10px;--awb-margin-right-small:0px;--awb-margin-bottom-small:10px;--awb-margin-left-small:0px;\"><h3 class=\"fusion-title-heading title-heading-left\" style=\"margin:0;\">Salas de exposici\u00f3n reales y virtuales<\/h3><\/div><div class=\"fusion-text fusion-text-5\"><p>Presente y pruebe sus productos de forma permanente o temporal en su propia sala de exposici\u00f3n, en espacios abiertos, en exposiciones internas o en las plataformas virtuales de los German Centres.<\/p>\n<\/div><div class=\"fusion-separator fusion-full-width-sep\" style=\"align-self: center;margin-left: auto;margin-right: auto;margin-bottom:20px;width:100%;\"><\/div><ul style=\"--awb-size:13px;--awb-margin-top:0px;--awb-iconcolor:var(--awb-custom_color_1);--awb-line-height:22.1px;--awb-icon-width:22.1px;--awb-icon-height:22.1px;--awb-icon-margin:9.1px;--awb-content-margin:31.2px;--awb-circlecolor:transparent;--awb-circle-yes-font-size:11.44px;\" class=\"fusion-checklist fusion-checklist-3 fusion-checklist-default type-icons square-list uppercase\"><li class=\"fusion-li-item\" style=\"\"><span class=\"icon-wrapper circle-yes\"><i class=\"fusion-li-icon fa-square-full fas\" aria-hidden=\"true\"><\/i><\/span><div class=\"fusion-li-item-content\">\n<p>Espacio de exposici\u00f3n de 30 a 1.000 m<sup>2<\/sup><\/p>\n<\/div><\/li><li class=\"fusion-li-item\" style=\"\"><span class=\"icon-wrapper circle-yes\"><i class=\"fusion-li-icon fa-square-full fas\" aria-hidden=\"true\"><\/i><\/span><div class=\"fusion-li-item-content\">\n<p>Periodo de alquiler de 1 d\u00eda a 1 a\u00f1o<\/p>\n<\/div><\/li><\/ul><\/div><\/div><div class=\"fusion-layout-column fusion_builder_column fusion-builder-column-6 fusion_builder_column_1_1 1_1 fusion-flex-column fusion-animated teaser-card photo swiper-slide\" style=\"--awb-bg-color:var(--awb-color1);--awb-bg-color-hover:var(--awb-color1);--awb-bg-size:cover;--awb-width-large:100%;--awb-margin-top-large:20px;--awb-spacing-right-large:1.92%;--awb-margin-bottom-large:20px;--awb-spacing-left-large:1.92%;--awb-width-medium:100%;--awb-order-medium:0;--awb-spacing-right-medium:1.92%;--awb-spacing-left-medium:1.92%;--awb-width-small:100%;--awb-order-small:0;--awb-spacing-right-small:1.92%;--awb-spacing-left-small:1.92%;\" data-animationType=\"fadeInUp\" data-animationDuration=\"0.5\" data-animationOffset=\"top-mid-of-view\"><div class=\"fusion-column-wrapper fusion-column-has-shadow fusion-flex-justify-content-flex-start fusion-content-layout-column\"><div class=\"fusion-image-element \" style=\"text-align:center;--awb-margin-bottom:20px;--awb-caption-title-font-family:var(--h2_typography-font-family);--awb-caption-title-font-weight:var(--h2_typography-font-weight);--awb-caption-title-font-style:var(--h2_typography-font-style);--awb-caption-title-size:var(--h2_typography-font-size);--awb-caption-title-transform:var(--h2_typography-text-transform);--awb-caption-title-line-height:var(--h2_typography-line-height);--awb-caption-title-letter-spacing:var(--h2_typography-letter-spacing);\"><span class=\" fusion-imageframe imageframe-none imageframe-5 hover-type-none\"><img decoding=\"async\" width=\"740\" height=\"522\" title=\"Meeting Konferenzraum international\" src=\"https:\/\/www.germancentre.com\/wp-content\/uploads\/2023\/02\/meeting-konferenzraum-international.jpg\" alt class=\"img-responsive wp-image-3209\" srcset=\"https:\/\/www.germancentre.com\/wp-content\/uploads\/2023\/02\/meeting-konferenzraum-international-200x141.jpg 200w, https:\/\/www.germancentre.com\/wp-content\/uploads\/2023\/02\/meeting-konferenzraum-international-400x282.jpg 400w, https:\/\/www.germancentre.com\/wp-content\/uploads\/2023\/02\/meeting-konferenzraum-international-600x423.jpg 600w, https:\/\/www.germancentre.com\/wp-content\/uploads\/2023\/02\/meeting-konferenzraum-international.jpg 740w\" sizes=\"(max-width: 1023px) 100vw, 740px\" \/><\/span><\/div><div class=\"fusion-title title fusion-title-7 fusion-sep-none fusion-title-text fusion-title-size-three\" style=\"--awb-margin-top:20px;--awb-margin-top-small:10px;--awb-margin-right-small:0px;--awb-margin-bottom-small:10px;--awb-margin-left-small:0px;\"><h3 class=\"fusion-title-heading title-heading-left\" style=\"margin:0;\">Salas de reuniones y conferencias<\/h3><\/div><div class=\"fusion-text fusion-text-6\"><p>Para reuniones con clientes, entrevistas de trabajo, capacitaci\u00f3n de empleados, presentaciones de productos, celebraciones de empresa, conferencias y mucho m\u00e1s: el equipamiento y la tecnolog\u00eda de nuestras salas de reuniones y conferencias cumplen los est\u00e1ndares modernos. Nuestros gestores de eventos se encargan de todos los detalles.<\/p>\n<\/div><div class=\"fusion-separator fusion-full-width-sep\" style=\"align-self: center;margin-left: auto;margin-right: auto;margin-bottom:20px;width:100%;\"><\/div><ul style=\"--awb-size:13px;--awb-margin-top:0px;--awb-iconcolor:var(--awb-custom_color_1);--awb-line-height:22.1px;--awb-icon-width:22.1px;--awb-icon-height:22.1px;--awb-icon-margin:9.1px;--awb-content-margin:31.2px;--awb-circlecolor:transparent;--awb-circle-yes-font-size:11.44px;\" class=\"fusion-checklist fusion-checklist-4 fusion-checklist-default type-icons square-list uppercase\"><li class=\"fusion-li-item\" style=\"\"><span class=\"icon-wrapper circle-yes\"><i class=\"fusion-li-icon fa-square-full fas\" aria-hidden=\"true\"><\/i><\/span><div class=\"fusion-li-item-content\">\n<p>Eventos presenciales, virtuales o h\u00edbridos<\/p>\n<\/div><\/li><li class=\"fusion-li-item\" style=\"\"><span class=\"icon-wrapper circle-yes\"><i class=\"fusion-li-icon fa-square-full fas\" aria-hidden=\"true\"><\/i><\/span><div class=\"fusion-li-item-content\">\n<p>Con organizaci\u00f3n de eventos, catering y marketing<\/p>\n<\/div><\/li><\/ul><\/div><\/div><div class=\"fusion-layout-column fusion_builder_column fusion-builder-column-7 fusion_builder_column_1_1 1_1 fusion-flex-column fusion-animated teaser-card photo swiper-slide\" style=\"--awb-bg-color:var(--awb-color1);--awb-bg-color-hover:var(--awb-color1);--awb-bg-size:cover;--awb-width-large:100%;--awb-margin-top-large:20px;--awb-spacing-right-large:1.92%;--awb-margin-bottom-large:20px;--awb-spacing-left-large:1.92%;--awb-width-medium:100%;--awb-order-medium:0;--awb-spacing-right-medium:1.92%;--awb-spacing-left-medium:1.92%;--awb-width-small:100%;--awb-order-small:0;--awb-spacing-right-small:1.92%;--awb-spacing-left-small:1.92%;\" data-animationType=\"fadeInUp\" data-animationDuration=\"0.5\" data-animationOffset=\"top-mid-of-view\"><div class=\"fusion-column-wrapper fusion-column-has-shadow fusion-flex-justify-content-flex-start fusion-content-layout-column\"><div class=\"fusion-image-element \" style=\"text-align:center;--awb-margin-bottom:20px;--awb-caption-title-font-family:var(--h2_typography-font-family);--awb-caption-title-font-weight:var(--h2_typography-font-weight);--awb-caption-title-font-style:var(--h2_typography-font-style);--awb-caption-title-size:var(--h2_typography-font-size);--awb-caption-title-transform:var(--h2_typography-text-transform);--awb-caption-title-line-height:var(--h2_typography-line-height);--awb-caption-title-letter-spacing:var(--h2_typography-letter-spacing);\"><span class=\" fusion-imageframe imageframe-none imageframe-6 hover-type-none\"><img decoding=\"async\" width=\"740\" height=\"522\" title=\"Eventlocation mieten Singapore\" src=\"https:\/\/www.germancentre.com\/wp-content\/uploads\/2023\/02\/eventlocation-mieten-singapore.jpg\" alt class=\"img-responsive wp-image-3213\" srcset=\"https:\/\/www.germancentre.com\/wp-content\/uploads\/2023\/02\/eventlocation-mieten-singapore-200x141.jpg 200w, https:\/\/www.germancentre.com\/wp-content\/uploads\/2023\/02\/eventlocation-mieten-singapore-400x282.jpg 400w, https:\/\/www.germancentre.com\/wp-content\/uploads\/2023\/02\/eventlocation-mieten-singapore-600x423.jpg 600w, https:\/\/www.germancentre.com\/wp-content\/uploads\/2023\/02\/eventlocation-mieten-singapore.jpg 740w\" sizes=\"(max-width: 1023px) 100vw, 740px\" \/><\/span><\/div><div class=\"fusion-title title fusion-title-8 fusion-sep-none fusion-title-text fusion-title-size-three\" style=\"--awb-margin-top:20px;--awb-margin-top-small:10px;--awb-margin-right-small:0px;--awb-margin-bottom-small:10px;--awb-margin-left-small:0px;\"><h3 class=\"fusion-title-heading title-heading-left\" style=\"margin:0;\">Zonas para eventos, vest\u00edbulo<\/h3><\/div><div class=\"fusion-text fusion-text-7\"><p>En algunas ubicaciones ofrecemos lugares para eventos especiales de empresa: las terrazas de las azoteas y los vest\u00edbulos son el escenario perfecto para celebraciones de aniversarios, lanzamientos de productos, eventos de networking o citas con la prensa, por ejemplo.<\/p>\n<\/div><div class=\"fusion-separator fusion-full-width-sep\" style=\"align-self: center;margin-left: auto;margin-right: auto;margin-bottom:20px;width:100%;\"><\/div><ul style=\"--awb-size:13px;--awb-margin-top:0px;--awb-iconcolor:var(--awb-custom_color_1);--awb-line-height:22.1px;--awb-icon-width:22.1px;--awb-icon-height:22.1px;--awb-icon-margin:9.1px;--awb-content-margin:31.2px;--awb-circlecolor:transparent;--awb-circle-yes-font-size:11.44px;\" class=\"fusion-checklist fusion-checklist-5 fusion-checklist-default type-icons square-list uppercase\"><li class=\"fusion-li-item\" style=\"\"><span class=\"icon-wrapper circle-yes\"><i class=\"fusion-li-icon fa-square-full fas\" aria-hidden=\"true\"><\/i><\/span><div class=\"fusion-li-item-content\">\n<p>El ambiente adecuado para su evento de empresa<\/p>\n<\/div><\/li><li class=\"fusion-li-item\" style=\"\"><span class=\"icon-wrapper circle-yes\"><i class=\"fusion-li-icon fa-square-full fas\" aria-hidden=\"true\"><\/i><\/span><div class=\"fusion-li-item-content\">\n<p>Gesti\u00f3n de eventos por parte del equipo del German Centre<\/p>\n<\/div><\/li><\/ul><\/div><\/div><div class=\"fusion-layout-column fusion_builder_column fusion-builder-column-8 fusion_builder_column_1_1 1_1 fusion-flex-column fusion-animated teaser-card photo swiper-slide\" style=\"--awb-bg-color:var(--awb-color1);--awb-bg-color-hover:var(--awb-color1);--awb-bg-size:cover;--awb-width-large:100%;--awb-margin-top-large:20px;--awb-spacing-right-large:1.92%;--awb-margin-bottom-large:20px;--awb-spacing-left-large:1.92%;--awb-width-medium:100%;--awb-order-medium:0;--awb-spacing-right-medium:1.92%;--awb-spacing-left-medium:1.92%;--awb-width-small:100%;--awb-order-small:0;--awb-spacing-right-small:1.92%;--awb-spacing-left-small:1.92%;\" data-animationType=\"fadeInUp\" data-animationDuration=\"0.5\" data-animationOffset=\"top-mid-of-view\"><div class=\"fusion-column-wrapper fusion-column-has-shadow fusion-flex-justify-content-flex-start fusion-content-layout-column\"><div class=\"fusion-image-element \" style=\"text-align:center;--awb-margin-bottom:20px;--awb-caption-title-font-family:var(--h2_typography-font-family);--awb-caption-title-font-weight:var(--h2_typography-font-weight);--awb-caption-title-font-style:var(--h2_typography-font-style);--awb-caption-title-size:var(--h2_typography-font-size);--awb-caption-title-transform:var(--h2_typography-text-transform);--awb-caption-title-line-height:var(--h2_typography-line-height);--awb-caption-title-letter-spacing:var(--h2_typography-letter-spacing);\"><span class=\" fusion-imageframe imageframe-none imageframe-7 hover-type-none\"><img decoding=\"async\" width=\"740\" height=\"522\" title=\"Labor mieten Mexiko\" src=\"https:\/\/www.germancentre.com\/wp-content\/uploads\/2023\/02\/labor-mieten-mexiko.jpg\" alt class=\"img-responsive wp-image-3211\" srcset=\"https:\/\/www.germancentre.com\/wp-content\/uploads\/2023\/02\/labor-mieten-mexiko-200x141.jpg 200w, https:\/\/www.germancentre.com\/wp-content\/uploads\/2023\/02\/labor-mieten-mexiko-400x282.jpg 400w, https:\/\/www.germancentre.com\/wp-content\/uploads\/2023\/02\/labor-mieten-mexiko-600x423.jpg 600w, https:\/\/www.germancentre.com\/wp-content\/uploads\/2023\/02\/labor-mieten-mexiko.jpg 740w\" sizes=\"(max-width: 1023px) 100vw, 740px\" \/><\/span><\/div><div class=\"fusion-title title fusion-title-9 fusion-sep-none fusion-title-text fusion-title-size-three\" style=\"--awb-margin-top:20px;--awb-margin-top-small:10px;--awb-margin-right-small:0px;--awb-margin-bottom-small:10px;--awb-margin-left-small:0px;\"><h3 class=\"fusion-title-heading title-heading-left\" style=\"margin:0;\">Talleres y laboratorios de productos<\/h3><\/div><div class=\"fusion-text fusion-text-8\"><p>German Centres son un gran entorno para la creatividad y la innovaci\u00f3n, donde se desarrollan soluciones pioneras. Cree su propio laboratorio o \u00fanase a un laboratorio de innovaci\u00f3n ya existente.<\/p>\n<\/div><div class=\"fusion-separator fusion-full-width-sep\" style=\"align-self: center;margin-left: auto;margin-right: auto;margin-bottom:20px;width:100%;\"><\/div><ul style=\"--awb-size:13px;--awb-margin-top:0px;--awb-iconcolor:var(--awb-custom_color_1);--awb-line-height:22.1px;--awb-icon-width:22.1px;--awb-icon-height:22.1px;--awb-icon-margin:9.1px;--awb-content-margin:31.2px;--awb-circlecolor:transparent;--awb-circle-yes-font-size:11.44px;\" class=\"fusion-checklist fusion-checklist-6 fusion-checklist-default type-icons square-list uppercase\"><li class=\"fusion-li-item\" style=\"\"><span class=\"icon-wrapper circle-yes\"><i class=\"fusion-li-icon fa-square-full fas\" aria-hidden=\"true\"><\/i><\/span><div class=\"fusion-li-item-content\">\n<p>Desarrollar, probar y optimizar productos<\/p>\n<\/div><\/li><li class=\"fusion-li-item\" style=\"\"><span class=\"icon-wrapper circle-yes\"><i class=\"fusion-li-icon fa-square-full fas\" aria-hidden=\"true\"><\/i><\/span><div class=\"fusion-li-item-content\">\n<p>Encontrar socios colaboradores en la comunidad local<\/p>\n<\/div><\/li><\/ul><\/div><\/div><\/div><\/div><div class=\"fusion-fullwidth fullwidth-box fusion-builder-row-4 fusion-flex-container has-pattern-background has-mask-background nonhundred-percent-fullwidth non-hundred-percent-height-scrolling mobile-padding small-width\" style=\"--awb-border-radius-top-left:0px;--awb-border-radius-top-right:0px;--awb-border-radius-bottom-right:0px;--awb-border-radius-bottom-left:0px;--awb-padding-top:4%;--awb-padding-bottom:4%;--awb-background-color:var(--awb-color1);--awb-background-image:linear-gradient(180deg, var(--awb-color1) 70%,var(--awb-color1) 70%);--awb-flex-wrap:wrap;\" ><div class=\"fusion-builder-row fusion-row fusion-flex-align-items-flex-start fusion-flex-content-wrap\" style=\"max-width:1539.2px;margin-left: calc(-4% \/ 2 );margin-right: calc(-4% \/ 2 );\"><div class=\"fusion-layout-column fusion_builder_column fusion-builder-column-9 fusion_builder_column_1_1 1_1 fusion-flex-column fusion-animated inner-padding-column\" style=\"--awb-bg-size:cover;--awb-width-large:100%;--awb-margin-top-large:0px;--awb-spacing-right-large:1.92%;--awb-margin-bottom-large:0px;--awb-spacing-left-large:1.92%;--awb-width-medium:100%;--awb-order-medium:0;--awb-spacing-right-medium:1.92%;--awb-spacing-left-medium:1.92%;--awb-width-small:100%;--awb-order-small:0;--awb-spacing-right-small:1.92%;--awb-spacing-left-small:1.92%;\" data-animationType=\"fadeInRight\" data-animationDuration=\"0.5\" data-animationOffset=\"top-into-view\"><div class=\"fusion-column-wrapper fusion-column-has-shadow fusion-flex-justify-content-flex-start fusion-content-layout-column\"><div class=\"fusion-title title fusion-title-10 fusion-sep-none fusion-title-text fusion-title-size-four head-4\" style=\"--awb-margin-top-small:10px;--awb-margin-right-small:0px;--awb-margin-bottom-small:10px;--awb-margin-left-small:0px;\"><h4 class=\"fusion-title-heading title-heading-left\" style=\"margin:0;\">Ponemos el list\u00f3n muy alto<\/h4><\/div><div class=\"fusion-text fusion-text-9\"><p>German Centre es su \u201chogar fuera de casa\u201d. Puede estar seguro de que tanto usted como sus clientes encontrar\u00e1n cada d\u00eda un edificio limpio, seguro y funcional. Nuestros experimentados equipos in situ se encargan de eso para que usted pueda concentrarse plenamente en su negocio.<\/p>\n<\/div><\/div><\/div><\/div><\/div><div class=\"fusion-fullwidth fullwidth-box fusion-builder-row-5 fusion-flex-container has-pattern-background has-mask-background nonhundred-percent-fullwidth non-hundred-percent-height-scrolling mobile-padding small-width\" style=\"--awb-border-radius-top-left:0px;--awb-border-radius-top-right:0px;--awb-border-radius-bottom-right:0px;--awb-border-radius-bottom-left:0px;--awb-padding-top:3%;--awb-padding-bottom:2%;--awb-background-color:#f1f1f1;--awb-flex-wrap:wrap;\" ><div class=\"fusion-builder-row fusion-row fusion-flex-align-items-flex-start fusion-flex-content-wrap\" style=\"max-width:1539.2px;margin-left: calc(-4% \/ 2 );margin-right: calc(-4% \/ 2 );\"><div class=\"fusion-layout-column fusion_builder_column fusion-builder-column-10 fusion_builder_column_1_1 1_1 fusion-flex-column fusion-animated inner-padding-column\" style=\"--awb-bg-size:cover;--awb-width-large:100%;--awb-margin-top-large:0px;--awb-spacing-right-large:1.92%;--awb-margin-bottom-large:0px;--awb-spacing-left-large:1.92%;--awb-width-medium:100%;--awb-order-medium:0;--awb-spacing-right-medium:1.92%;--awb-spacing-left-medium:1.92%;--awb-width-small:100%;--awb-order-small:0;--awb-spacing-right-small:1.92%;--awb-spacing-left-small:1.92%;\" data-animationType=\"fadeInRight\" data-animationDuration=\"0.5\" data-animationOffset=\"top-into-view\"><div class=\"fusion-column-wrapper fusion-column-has-shadow fusion-flex-justify-content-flex-start fusion-content-layout-column\"><div class=\"fusion-title title fusion-title-11 fusion-sep-none fusion-title-text fusion-title-size-four head-4\" style=\"--awb-margin-top-small:10px;--awb-margin-right-small:0px;--awb-margin-bottom-small:10px;--awb-margin-left-small:0px;\"><h4 class=\"fusion-title-heading title-heading-left\" style=\"margin:0;\"><p>Salas para vivir la experiencia<br \/>\nTodo lo que hacemos posible<\/p><\/h4><\/div><div class=\"fusion-text fusion-text-10\"><p>German Centres Worldwide son un ecosistema para empresas, sus clientes, socios y proveedores en mercados extranjeros en crecimiento. Como plataforma para exposiciones, conferencias especializadas y seminarios, le ponemos en contacto con las personas adecuadas y aumentamos su presencia local y regional.<\/p>\n<\/div><\/div><\/div><\/div><\/div><div class=\"fusion-fullwidth fullwidth-box fusion-builder-row-6 fusion-flex-container has-pattern-background has-mask-background nonhundred-percent-fullwidth non-hundred-percent-height-scrolling fusion-animated swiper white one-column medium-width max-content arrows-white\" style=\"--awb-border-radius-top-left:0px;--awb-border-radius-top-right:0px;--awb-border-radius-bottom-right:0px;--awb-border-radius-bottom-left:0px;--awb-padding-top:0px;--awb-background-color:#f1f1f1;--awb-flex-wrap:wrap;\" data-animationType=\"fadeInUp\" data-animationDuration=\"0.5\" data-animationOffset=\"top-into-view\" ><div class=\"fusion-builder-row fusion-row fusion-flex-align-items-flex-start fusion-flex-content-wrap\" style=\"max-width:1539.2px;margin-left: calc(-4% \/ 2 );margin-right: calc(-4% \/ 2 );\"><div class=\"fusion-layout-column fusion_builder_column fusion-builder-column-11 fusion_builder_column_1_1 1_1 fusion-flex-column fusion-flex-align-self-center swiper-slide\" style=\"--awb-bg-size:cover;--awb-width-large:100%;--awb-margin-top-large:0px;--awb-spacing-right-large:1.92%;--awb-margin-bottom-large:0px;--awb-spacing-left-large:1.92%;--awb-width-medium:100%;--awb-order-medium:0;--awb-spacing-right-medium:1.92%;--awb-spacing-left-medium:1.92%;--awb-width-small:100%;--awb-order-small:0;--awb-spacing-right-small:1.92%;--awb-spacing-left-small:1.92%;\"><div class=\"fusion-column-wrapper fusion-column-has-shadow fusion-flex-justify-content-flex-start fusion-content-layout-column\"><div class=\"fusion-builder-row fusion-builder-row-inner fusion-row fusion-flex-align-items-flex-start fusion-flex-content-wrap\" style=\"--awb-flex-grow:0;--awb-flex-grow-medium:0;--awb-flex-grow-small:0;--awb-flex-shrink:0;--awb-flex-shrink-medium:0;--awb-flex-shrink-small:0;width:104% !important;max-width:104% !important;margin-left: calc(-4% \/ 2 );margin-right: calc(-4% \/ 2 );\"><div class=\"fusion-layout-column fusion_builder_column_inner fusion-builder-nested-column-1 fusion_builder_column_inner_1_2 1_2 fusion-flex-column fusion-flex-align-self-center\" style=\"--awb-bg-size:cover;--awb-width-large:50%;--awb-margin-top-large:0px;--awb-spacing-right-large:3.84%;--awb-margin-bottom-large:0px;--awb-spacing-left-large:3.84%;--awb-width-medium:50%;--awb-order-medium:0;--awb-spacing-right-medium:3.84%;--awb-spacing-left-medium:3.84%;--awb-width-small:100%;--awb-order-small:0;--awb-spacing-right-small:1.92%;--awb-spacing-left-small:1.92%;\"><div class=\"fusion-column-wrapper fusion-column-has-shadow fusion-flex-justify-content-center fusion-content-layout-column\"><div class=\"fusion-image-element \" style=\"--awb-caption-title-font-family:var(--h2_typography-font-family);--awb-caption-title-font-weight:var(--h2_typography-font-weight);--awb-caption-title-font-style:var(--h2_typography-font-style);--awb-caption-title-size:var(--h2_typography-font-size);--awb-caption-title-transform:var(--h2_typography-text-transform);--awb-caption-title-line-height:var(--h2_typography-line-height);--awb-caption-title-letter-spacing:var(--h2_typography-letter-spacing);\"><span class=\" fusion-imageframe imageframe-none imageframe-8 hover-type-none\"><img decoding=\"async\" width=\"1480\" height=\"1044\" title=\"china-30.60-seminarreihe\" src=\"https:\/\/www.germancentre.com\/wp-content\/uploads\/2023\/02\/china-30.60-seminarreihe.jpg\" alt class=\"img-responsive wp-image-3267\" srcset=\"https:\/\/www.germancentre.com\/wp-content\/uploads\/2023\/02\/china-30.60-seminarreihe-200x141.jpg 200w, https:\/\/www.germancentre.com\/wp-content\/uploads\/2023\/02\/china-30.60-seminarreihe-400x282.jpg 400w, https:\/\/www.germancentre.com\/wp-content\/uploads\/2023\/02\/china-30.60-seminarreihe-600x423.jpg 600w, https:\/\/www.germancentre.com\/wp-content\/uploads\/2023\/02\/china-30.60-seminarreihe-800x564.jpg 800w, https:\/\/www.germancentre.com\/wp-content\/uploads\/2023\/02\/china-30.60-seminarreihe-1200x846.jpg 1200w, https:\/\/www.germancentre.com\/wp-content\/uploads\/2023\/02\/china-30.60-seminarreihe.jpg 1480w\" sizes=\"(max-width: 1023px) 100vw, 800px\" \/><\/span><\/div><\/div><\/div><div class=\"fusion-layout-column fusion_builder_column_inner fusion-builder-nested-column-2 fusion_builder_column_inner_1_2 1_2 fusion-flex-column fusion-flex-align-self-center text-block\" style=\"--awb-bg-color:#ffffff;--awb-bg-color-hover:#ffffff;--awb-bg-size:cover;--awb-width-large:50%;--awb-margin-top-large:0px;--awb-spacing-right-large:3.84%;--awb-margin-bottom-large:0px;--awb-spacing-left-large:3.84%;--awb-width-medium:50%;--awb-order-medium:0;--awb-spacing-right-medium:3.84%;--awb-spacing-left-medium:3.84%;--awb-width-small:100%;--awb-order-small:0;--awb-spacing-right-small:1.92%;--awb-spacing-left-small:1.92%;\"><div class=\"fusion-column-wrapper fusion-column-has-shadow fusion-flex-justify-content-center fusion-content-layout-column\"><div class=\"fusion-title title fusion-title-12 fusion-sep-none fusion-title-text fusion-title-size-four head-3\" style=\"--awb-margin-top-small:10px;--awb-margin-right-small:0px;--awb-margin-bottom-small:10px;--awb-margin-left-small:0px;\"><h4 class=\"fusion-title-heading title-heading-left\" style=\"margin:0;\">Conferencias<\/h4><\/div><div class=\"fusion-text fusion-text-11\"><p>Organizamos conferencias peque\u00f1as y grandes. Puede ser en su nombre o como proyecto conjunto con nuestros clientes, por ejemplo como conferencia relacionada con la industria con presentaciones y exposiciones especializadas sobre temas de tendencia como industria 4.0, tecnolog\u00eda m\u00e9dica o energ\u00edas renovables.<\/p>\n<\/div><\/div><\/div><\/div><\/div><\/div><div class=\"fusion-layout-column fusion_builder_column fusion-builder-column-12 fusion_builder_column_1_1 1_1 fusion-flex-column fusion-flex-align-self-center swiper-slide\" style=\"--awb-bg-size:cover;--awb-width-large:100%;--awb-margin-top-large:0px;--awb-spacing-right-large:1.92%;--awb-margin-bottom-large:0px;--awb-spacing-left-large:1.92%;--awb-width-medium:100%;--awb-order-medium:0;--awb-spacing-right-medium:1.92%;--awb-spacing-left-medium:1.92%;--awb-width-small:100%;--awb-order-small:0;--awb-spacing-right-small:1.92%;--awb-spacing-left-small:1.92%;\"><div class=\"fusion-column-wrapper fusion-column-has-shadow fusion-flex-justify-content-flex-start fusion-content-layout-column\"><div class=\"fusion-builder-row fusion-builder-row-inner fusion-row fusion-flex-align-items-flex-start fusion-flex-content-wrap\" style=\"--awb-flex-grow:0;--awb-flex-grow-medium:0;--awb-flex-grow-small:0;--awb-flex-shrink:0;--awb-flex-shrink-medium:0;--awb-flex-shrink-small:0;width:104% !important;max-width:104% !important;margin-left: calc(-4% \/ 2 );margin-right: calc(-4% \/ 2 );\"><div class=\"fusion-layout-column fusion_builder_column_inner fusion-builder-nested-column-3 fusion_builder_column_inner_1_2 1_2 fusion-flex-column fusion-flex-align-self-center\" style=\"--awb-bg-size:cover;--awb-width-large:50%;--awb-margin-top-large:0px;--awb-spacing-right-large:3.84%;--awb-margin-bottom-large:0px;--awb-spacing-left-large:3.84%;--awb-width-medium:50%;--awb-order-medium:0;--awb-spacing-right-medium:3.84%;--awb-spacing-left-medium:3.84%;--awb-width-small:100%;--awb-order-small:0;--awb-spacing-right-small:1.92%;--awb-spacing-left-small:1.92%;\"><div class=\"fusion-column-wrapper fusion-column-has-shadow fusion-flex-justify-content-center fusion-content-layout-column\"><div class=\"fusion-image-element \" style=\"--awb-caption-title-font-family:var(--h2_typography-font-family);--awb-caption-title-font-weight:var(--h2_typography-font-weight);--awb-caption-title-font-style:var(--h2_typography-font-style);--awb-caption-title-size:var(--h2_typography-font-size);--awb-caption-title-transform:var(--h2_typography-text-transform);--awb-caption-title-line-height:var(--h2_typography-line-height);--awb-caption-title-letter-spacing:var(--h2_typography-letter-spacing);\"><span class=\" fusion-imageframe imageframe-none imageframe-9 hover-type-none\"><img decoding=\"async\" width=\"1480\" height=\"1044\" alt=\"AHK Turnkey Offices\" title=\"ahk-turnkey-offices\" src=\"https:\/\/www.germancentre.com\/wp-content\/uploads\/2023\/04\/ahk-turnkey-offices.jpg\" class=\"img-responsive wp-image-4745\" srcset=\"https:\/\/www.germancentre.com\/wp-content\/uploads\/2023\/04\/ahk-turnkey-offices-200x141.jpg 200w, https:\/\/www.germancentre.com\/wp-content\/uploads\/2023\/04\/ahk-turnkey-offices-400x282.jpg 400w, https:\/\/www.germancentre.com\/wp-content\/uploads\/2023\/04\/ahk-turnkey-offices-600x423.jpg 600w, https:\/\/www.germancentre.com\/wp-content\/uploads\/2023\/04\/ahk-turnkey-offices-800x564.jpg 800w, https:\/\/www.germancentre.com\/wp-content\/uploads\/2023\/04\/ahk-turnkey-offices-1200x846.jpg 1200w, https:\/\/www.germancentre.com\/wp-content\/uploads\/2023\/04\/ahk-turnkey-offices.jpg 1480w\" sizes=\"(max-width: 1023px) 100vw, 800px\" \/><\/span><\/div><\/div><\/div><div class=\"fusion-layout-column fusion_builder_column_inner fusion-builder-nested-column-4 fusion_builder_column_inner_1_2 1_2 fusion-flex-column fusion-flex-align-self-center text-block\" style=\"--awb-bg-color:#ffffff;--awb-bg-color-hover:#ffffff;--awb-bg-size:cover;--awb-width-large:50%;--awb-margin-top-large:0px;--awb-spacing-right-large:3.84%;--awb-margin-bottom-large:0px;--awb-spacing-left-large:3.84%;--awb-width-medium:50%;--awb-order-medium:0;--awb-spacing-right-medium:3.84%;--awb-spacing-left-medium:3.84%;--awb-width-small:100%;--awb-order-small:0;--awb-spacing-right-small:1.92%;--awb-spacing-left-small:1.92%;\"><div class=\"fusion-column-wrapper fusion-column-has-shadow fusion-flex-justify-content-center fusion-content-layout-column\"><div class=\"fusion-title title fusion-title-13 fusion-sep-none fusion-title-text fusion-title-size-four head-3\" style=\"--awb-margin-top-small:10px;--awb-margin-right-small:0px;--awb-margin-bottom-small:10px;--awb-margin-left-small:0px;\"><h4 class=\"fusion-title-heading title-heading-left\" style=\"margin:0;\">Modernizaci\u00f3n de las oficinas<\/h4><\/div><div class=\"fusion-text fusion-text-12\"><p>El dise\u00f1o del espacio de oficinas puede ser un factor clave para que las organizaciones atraigan talento, aumenten la productividad y hagan del lugar de trabajo un sitio agradable donde los empleados se sientan c\u00f3modos y puedan rendir al m\u00e1ximo. Nos encargamos el redise\u00f1o para nuestro cliente de muchos a\u00f1os, AHK Greater China. El resultado es impresionante.<\/p>\n<\/div><div ><a class=\"fusion-button button-flat fusion-button-default-size button-default fusion-button-default button-1 fusion-button-default-span fusion-button-default-type\" target=\"_self\" href=\"https:\/\/www.germancentre.com\/en\/beijing\/\"><span class=\"fusion-button-text awb-button__text awb-button__text--default\">M\u00c1S INFORMACI\u00d3N<\/span><\/a><\/div><\/div><\/div><\/div><\/div><\/div><div class=\"fusion-layout-column fusion_builder_column fusion-builder-column-13 fusion_builder_column_1_1 1_1 fusion-flex-column fusion-flex-align-self-center swiper-slide\" style=\"--awb-bg-size:cover;--awb-width-large:100%;--awb-margin-top-large:0px;--awb-spacing-right-large:1.92%;--awb-margin-bottom-large:0px;--awb-spacing-left-large:1.92%;--awb-width-medium:100%;--awb-order-medium:0;--awb-spacing-right-medium:1.92%;--awb-spacing-left-medium:1.92%;--awb-width-small:100%;--awb-order-small:0;--awb-spacing-right-small:1.92%;--awb-spacing-left-small:1.92%;\"><div class=\"fusion-column-wrapper fusion-column-has-shadow fusion-flex-justify-content-flex-start fusion-content-layout-column\"><div class=\"fusion-builder-row fusion-builder-row-inner fusion-row fusion-flex-align-items-flex-start fusion-flex-content-wrap\" style=\"--awb-flex-grow:0;--awb-flex-grow-medium:0;--awb-flex-grow-small:0;--awb-flex-shrink:0;--awb-flex-shrink-medium:0;--awb-flex-shrink-small:0;width:104% !important;max-width:104% !important;margin-left: calc(-4% \/ 2 );margin-right: calc(-4% \/ 2 );\"><div class=\"fusion-layout-column fusion_builder_column_inner fusion-builder-nested-column-5 fusion_builder_column_inner_1_2 1_2 fusion-flex-column fusion-flex-align-self-center\" style=\"--awb-bg-size:cover;--awb-width-large:50%;--awb-margin-top-large:0px;--awb-spacing-right-large:3.84%;--awb-margin-bottom-large:0px;--awb-spacing-left-large:3.84%;--awb-width-medium:50%;--awb-order-medium:0;--awb-spacing-right-medium:3.84%;--awb-spacing-left-medium:3.84%;--awb-width-small:100%;--awb-order-small:0;--awb-spacing-right-small:1.92%;--awb-spacing-left-small:1.92%;\"><div class=\"fusion-column-wrapper fusion-column-has-shadow fusion-flex-justify-content-center fusion-content-layout-column\"><div class=\"fusion-image-element \" style=\"--awb-caption-title-font-family:var(--h2_typography-font-family);--awb-caption-title-font-weight:var(--h2_typography-font-weight);--awb-caption-title-font-style:var(--h2_typography-font-style);--awb-caption-title-size:var(--h2_typography-font-size);--awb-caption-title-transform:var(--h2_typography-text-transform);--awb-caption-title-line-height:var(--h2_typography-line-height);--awb-caption-title-letter-spacing:var(--h2_typography-letter-spacing);\"><span class=\" fusion-imageframe imageframe-none imageframe-10 hover-type-none\"><img decoding=\"async\" width=\"1480\" height=\"1044\" title=\"German Car Show Showroom\" src=\"https:\/\/www.germancentre.com\/wp-content\/uploads\/2023\/02\/german-car-show-showroom.jpg\" alt class=\"img-responsive wp-image-3205\" srcset=\"https:\/\/www.germancentre.com\/wp-content\/uploads\/2023\/02\/german-car-show-showroom-200x141.jpg 200w, https:\/\/www.germancentre.com\/wp-content\/uploads\/2023\/02\/german-car-show-showroom-400x282.jpg 400w, https:\/\/www.germancentre.com\/wp-content\/uploads\/2023\/02\/german-car-show-showroom-600x423.jpg 600w, https:\/\/www.germancentre.com\/wp-content\/uploads\/2023\/02\/german-car-show-showroom-800x564.jpg 800w, https:\/\/www.germancentre.com\/wp-content\/uploads\/2023\/02\/german-car-show-showroom-1200x846.jpg 1200w, https:\/\/www.germancentre.com\/wp-content\/uploads\/2023\/02\/german-car-show-showroom.jpg 1480w\" sizes=\"(max-width: 1023px) 100vw, 800px\" \/><\/span><\/div><\/div><\/div><div class=\"fusion-layout-column fusion_builder_column_inner fusion-builder-nested-column-6 fusion_builder_column_inner_1_2 1_2 fusion-flex-column fusion-flex-align-self-center text-block\" style=\"--awb-bg-color:#ffffff;--awb-bg-color-hover:#ffffff;--awb-bg-size:cover;--awb-width-large:50%;--awb-margin-top-large:0px;--awb-spacing-right-large:3.84%;--awb-margin-bottom-large:0px;--awb-spacing-left-large:3.84%;--awb-width-medium:50%;--awb-order-medium:0;--awb-spacing-right-medium:3.84%;--awb-spacing-left-medium:3.84%;--awb-width-small:100%;--awb-order-small:0;--awb-spacing-right-small:1.92%;--awb-spacing-left-small:1.92%;\"><div class=\"fusion-column-wrapper fusion-column-has-shadow fusion-flex-justify-content-center fusion-content-layout-column\"><div class=\"fusion-title title fusion-title-14 fusion-sep-none fusion-title-text fusion-title-size-four head-3\" style=\"--awb-margin-top-small:10px;--awb-margin-right-small:0px;--awb-margin-bottom-small:10px;--awb-margin-left-small:0px;\"><h4 class=\"fusion-title-heading title-heading-left\" style=\"margin:0;\">Exposici\u00f3n de coches alemanes<\/h4><\/div><div class=\"fusion-text fusion-text-13\"><p>In the German Centres there are many opportunities to demonstrate your products to a relevant audience. We have also room for large exhibits and machines &#8211; or cars, as here at the German Car Show in the German Centre Mexico.<\/p>\n<p>Los German Centres ofrecen muchas oportunidades para mostrar sus productos a un p\u00fablico amplio. Tambi\u00e9n hay espacio para grandes exposiciones y m\u00e1quinas, o coches, como en el German Car Show del German Centre de M\u00e9xico.<\/p>\n<\/div><\/div><\/div><\/div><\/div><\/div><\/div><\/div><div class=\"fusion-fullwidth fullwidth-box fusion-builder-row-7 fusion-flex-container has-pattern-background has-mask-background nonhundred-percent-fullwidth non-hundred-percent-height-scrolling mobile-padding small-width\" style=\"--awb-border-radius-top-left:0px;--awb-border-radius-top-right:0px;--awb-border-radius-bottom-right:0px;--awb-border-radius-bottom-left:0px;--awb-padding-top:4%;--awb-padding-bottom:0px;--awb-background-color:var(--awb-color1);--awb-background-image:linear-gradient(180deg, var(--awb-color1) 70%,var(--awb-color1) 70%);--awb-flex-wrap:wrap;\" ><div class=\"fusion-builder-row fusion-row fusion-flex-align-items-flex-start fusion-flex-content-wrap\" style=\"max-width:1539.2px;margin-left: calc(-4% \/ 2 );margin-right: calc(-4% \/ 2 );\"><div class=\"fusion-layout-column fusion_builder_column fusion-builder-column-14 fusion_builder_column_1_1 1_1 fusion-flex-column fusion-animated inner-padding-column\" style=\"--awb-padding-bottom:1%;--awb-bg-size:cover;--awb-width-large:100%;--awb-margin-top-large:0px;--awb-spacing-right-large:1.92%;--awb-margin-bottom-large:0px;--awb-spacing-left-large:1.92%;--awb-width-medium:100%;--awb-order-medium:0;--awb-spacing-right-medium:1.92%;--awb-spacing-left-medium:1.92%;--awb-width-small:100%;--awb-order-small:0;--awb-spacing-right-small:1.92%;--awb-spacing-left-small:1.92%;\" data-animationType=\"fadeInRight\" data-animationDuration=\"0.5\" data-animationOffset=\"top-into-view\"><div class=\"fusion-column-wrapper fusion-column-has-shadow fusion-flex-justify-content-flex-start fusion-content-layout-column\"><div class=\"fusion-title title fusion-title-15 fusion-sep-none fusion-title-text fusion-title-size-four head-4 head-width-large\" style=\"--awb-margin-top-small:10px;--awb-margin-right-small:0px;--awb-margin-bottom-small:10px;--awb-margin-left-small:0px;\"><h4 class=\"fusion-title-heading title-heading-left\" style=\"margin:0;\">Otras caracter\u00edsticas del equipamiento: Zonas tranquilas, cocinas y m\u00e1s<\/h4><\/div><div class=\"fusion-text fusion-text-14\"><p>Queremos que venga con ganas a la oficina, por eso los German Centres cuentan con muchos extras para que su jornada laboral sea lo m\u00e1s agradable e inspiradora posible:<\/p>\n<\/div><\/div><\/div><\/div><\/div><div class=\"fusion-fullwidth fullwidth-box fusion-builder-row-8 fusion-flex-container has-pattern-background has-mask-background nonhundred-percent-fullwidth non-hundred-percent-height-scrolling swiper three-columns max-content medium-width\" style=\"--awb-border-radius-top-left:0px;--awb-border-radius-top-right:0px;--awb-border-radius-bottom-right:0px;--awb-border-radius-bottom-left:0px;--awb-padding-top:0px;--awb-padding-bottom:4%;--awb-flex-wrap:wrap;\" ><div class=\"fusion-builder-row fusion-row fusion-flex-align-items-flex-start fusion-flex-content-wrap\" style=\"max-width:1539.2px;margin-left: calc(-4% \/ 2 );margin-right: calc(-4% \/ 2 );\"><div class=\"fusion-layout-column fusion_builder_column fusion-builder-column-15 fusion_builder_column_1_1 1_1 fusion-flex-column fusion-animated teaser-card photo swiper-slide\" style=\"--awb-bg-color:var(--awb-color1);--awb-bg-color-hover:var(--awb-color1);--awb-bg-size:cover;--awb-width-large:100%;--awb-margin-top-large:20px;--awb-spacing-right-large:1.92%;--awb-margin-bottom-large:20px;--awb-spacing-left-large:1.92%;--awb-width-medium:100%;--awb-order-medium:0;--awb-spacing-right-medium:1.92%;--awb-spacing-left-medium:1.92%;--awb-width-small:100%;--awb-order-small:0;--awb-spacing-right-small:1.92%;--awb-spacing-left-small:1.92%;\" data-animationType=\"fadeInUp\" data-animationDuration=\"0.5\" data-animationOffset=\"top-mid-of-view\"><div class=\"fusion-column-wrapper fusion-column-has-shadow fusion-flex-justify-content-flex-start fusion-content-layout-column\"><div class=\"fusion-image-element \" style=\"text-align:center;--awb-margin-bottom:20px;--awb-caption-title-font-family:var(--h2_typography-font-family);--awb-caption-title-font-weight:var(--h2_typography-font-weight);--awb-caption-title-font-style:var(--h2_typography-font-style);--awb-caption-title-size:var(--h2_typography-font-size);--awb-caption-title-transform:var(--h2_typography-text-transform);--awb-caption-title-line-height:var(--h2_typography-line-height);--awb-caption-title-letter-spacing:var(--h2_typography-letter-spacing);\"><span class=\" fusion-imageframe imageframe-none imageframe-11 hover-type-none\"><img decoding=\"async\" width=\"740\" height=\"522\" title=\"Teek\u00fcche\" src=\"https:\/\/www.germancentre.com\/wp-content\/uploads\/2023\/02\/ausstattung-teekueche.jpg\" alt class=\"img-responsive wp-image-3229\" srcset=\"https:\/\/www.germancentre.com\/wp-content\/uploads\/2023\/02\/ausstattung-teekueche-200x141.jpg 200w, https:\/\/www.germancentre.com\/wp-content\/uploads\/2023\/02\/ausstattung-teekueche-400x282.jpg 400w, https:\/\/www.germancentre.com\/wp-content\/uploads\/2023\/02\/ausstattung-teekueche-600x423.jpg 600w, https:\/\/www.germancentre.com\/wp-content\/uploads\/2023\/02\/ausstattung-teekueche.jpg 740w\" sizes=\"(max-width: 1023px) 100vw, 740px\" \/><\/span><\/div><div class=\"fusion-title title fusion-title-16 fusion-sep-none fusion-title-text fusion-title-size-three\" style=\"--awb-margin-bottom:0px;--awb-margin-top-small:10px;--awb-margin-right-small:0px;--awb-margin-bottom-small:10px;--awb-margin-left-small:0px;\"><h3 class=\"fusion-title-heading title-heading-left\" style=\"margin:0;\">Cocina<\/h3><\/div><\/div><\/div><div class=\"fusion-layout-column fusion_builder_column fusion-builder-column-16 fusion_builder_column_1_1 1_1 fusion-flex-column fusion-animated teaser-card photo swiper-slide\" style=\"--awb-bg-color:var(--awb-color1);--awb-bg-color-hover:var(--awb-color1);--awb-bg-size:cover;--awb-width-large:100%;--awb-margin-top-large:20px;--awb-spacing-right-large:1.92%;--awb-margin-bottom-large:20px;--awb-spacing-left-large:1.92%;--awb-width-medium:100%;--awb-order-medium:0;--awb-spacing-right-medium:1.92%;--awb-spacing-left-medium:1.92%;--awb-width-small:100%;--awb-order-small:0;--awb-spacing-right-small:1.92%;--awb-spacing-left-small:1.92%;\" data-animationType=\"fadeInUp\" data-animationDuration=\"0.5\" data-animationOffset=\"top-mid-of-view\"><div class=\"fusion-column-wrapper fusion-column-has-shadow fusion-flex-justify-content-flex-start fusion-content-layout-column\"><div class=\"fusion-image-element \" style=\"text-align:center;--awb-margin-bottom:20px;--awb-caption-title-font-family:var(--h2_typography-font-family);--awb-caption-title-font-weight:var(--h2_typography-font-weight);--awb-caption-title-font-style:var(--h2_typography-font-style);--awb-caption-title-size:var(--h2_typography-font-size);--awb-caption-title-transform:var(--h2_typography-text-transform);--awb-caption-title-line-height:var(--h2_typography-line-height);--awb-caption-title-letter-spacing:var(--h2_typography-letter-spacing);\"><span class=\" fusion-imageframe imageframe-none imageframe-12 hover-type-none\"><img decoding=\"async\" width=\"740\" height=\"522\" title=\"Telefonbox\" src=\"https:\/\/www.germancentre.com\/wp-content\/uploads\/2023\/02\/ausstattung-telefonbox.jpg\" alt class=\"img-responsive wp-image-3223\" srcset=\"https:\/\/www.germancentre.com\/wp-content\/uploads\/2023\/02\/ausstattung-telefonbox-200x141.jpg 200w, https:\/\/www.germancentre.com\/wp-content\/uploads\/2023\/02\/ausstattung-telefonbox-400x282.jpg 400w, https:\/\/www.germancentre.com\/wp-content\/uploads\/2023\/02\/ausstattung-telefonbox-600x423.jpg 600w, https:\/\/www.germancentre.com\/wp-content\/uploads\/2023\/02\/ausstattung-telefonbox.jpg 740w\" sizes=\"(max-width: 1023px) 100vw, 740px\" \/><\/span><\/div><div class=\"fusion-title title fusion-title-17 fusion-sep-none fusion-title-text fusion-title-size-three\" style=\"--awb-margin-bottom:0px;--awb-margin-top-small:10px;--awb-margin-right-small:0px;--awb-margin-bottom-small:10px;--awb-margin-left-small:0px;\"><h3 class=\"fusion-title-heading title-heading-left\" style=\"margin:0;\">Cabinas telef\u00f3nicas<\/h3><\/div><\/div><\/div><div class=\"fusion-layout-column fusion_builder_column fusion-builder-column-17 fusion_builder_column_1_1 1_1 fusion-flex-column fusion-animated teaser-card photo swiper-slide\" style=\"--awb-bg-color:var(--awb-color1);--awb-bg-color-hover:var(--awb-color1);--awb-bg-size:cover;--awb-width-large:100%;--awb-margin-top-large:20px;--awb-spacing-right-large:1.92%;--awb-margin-bottom-large:20px;--awb-spacing-left-large:1.92%;--awb-width-medium:100%;--awb-order-medium:0;--awb-spacing-right-medium:1.92%;--awb-spacing-left-medium:1.92%;--awb-width-small:100%;--awb-order-small:0;--awb-spacing-right-small:1.92%;--awb-spacing-left-small:1.92%;\" data-animationType=\"fadeInUp\" data-animationDuration=\"0.5\" data-animationOffset=\"top-mid-of-view\"><div class=\"fusion-column-wrapper fusion-column-has-shadow fusion-flex-justify-content-flex-start fusion-content-layout-column\"><div class=\"fusion-image-element \" style=\"text-align:center;--awb-margin-bottom:20px;--awb-caption-title-font-family:var(--h2_typography-font-family);--awb-caption-title-font-weight:var(--h2_typography-font-weight);--awb-caption-title-font-style:var(--h2_typography-font-style);--awb-caption-title-size:var(--h2_typography-font-size);--awb-caption-title-transform:var(--h2_typography-text-transform);--awb-caption-title-line-height:var(--h2_typography-line-height);--awb-caption-title-letter-spacing:var(--h2_typography-letter-spacing);\"><span class=\" fusion-imageframe imageframe-none imageframe-13 hover-type-none\"><img decoding=\"async\" width=\"740\" height=\"522\" title=\"Fitnessstudio\" src=\"https:\/\/www.germancentre.com\/wp-content\/uploads\/2023\/02\/ausstattung-fitnessstudio.jpg\" alt class=\"img-responsive wp-image-3231\" srcset=\"https:\/\/www.germancentre.com\/wp-content\/uploads\/2023\/02\/ausstattung-fitnessstudio-200x141.jpg 200w, https:\/\/www.germancentre.com\/wp-content\/uploads\/2023\/02\/ausstattung-fitnessstudio-400x282.jpg 400w, https:\/\/www.germancentre.com\/wp-content\/uploads\/2023\/02\/ausstattung-fitnessstudio-600x423.jpg 600w, https:\/\/www.germancentre.com\/wp-content\/uploads\/2023\/02\/ausstattung-fitnessstudio.jpg 740w\" sizes=\"(max-width: 1023px) 100vw, 740px\" \/><\/span><\/div><div class=\"fusion-title title fusion-title-18 fusion-sep-none fusion-title-text fusion-title-size-three\" style=\"--awb-margin-bottom:0px;--awb-margin-top-small:10px;--awb-margin-right-small:0px;--awb-margin-bottom-small:10px;--awb-margin-left-small:0px;\"><h3 class=\"fusion-title-heading title-heading-left\" style=\"margin:0;\">Sala de fitness<\/h3><\/div><\/div><\/div><div class=\"fusion-layout-column fusion_builder_column fusion-builder-column-18 fusion_builder_column_1_1 1_1 fusion-flex-column fusion-animated teaser-card photo swiper-slide\" style=\"--awb-bg-color:var(--awb-color1);--awb-bg-color-hover:var(--awb-color1);--awb-bg-size:cover;--awb-width-large:100%;--awb-margin-top-large:20px;--awb-spacing-right-large:1.92%;--awb-margin-bottom-large:20px;--awb-spacing-left-large:1.92%;--awb-width-medium:100%;--awb-order-medium:0;--awb-spacing-right-medium:1.92%;--awb-spacing-left-medium:1.92%;--awb-width-small:100%;--awb-order-small:0;--awb-spacing-right-small:1.92%;--awb-spacing-left-small:1.92%;\" data-animationType=\"fadeInUp\" data-animationDuration=\"0.5\" data-animationOffset=\"top-mid-of-view\"><div class=\"fusion-column-wrapper fusion-column-has-shadow fusion-flex-justify-content-flex-start fusion-content-layout-column\"><div class=\"fusion-image-element \" style=\"text-align:center;--awb-margin-bottom:20px;--awb-caption-title-font-family:var(--h2_typography-font-family);--awb-caption-title-font-weight:var(--h2_typography-font-weight);--awb-caption-title-font-style:var(--h2_typography-font-style);--awb-caption-title-size:var(--h2_typography-font-size);--awb-caption-title-transform:var(--h2_typography-text-transform);--awb-caption-title-line-height:var(--h2_typography-line-height);--awb-caption-title-letter-spacing:var(--h2_typography-letter-spacing);\"><span class=\" fusion-imageframe imageframe-none imageframe-14 hover-type-none\"><img decoding=\"async\" width=\"740\" height=\"522\" title=\"Lager\" src=\"https:\/\/www.germancentre.com\/wp-content\/uploads\/2023\/02\/ausstattung-lager.jpg\" alt class=\"img-responsive wp-image-3225\" srcset=\"https:\/\/www.germancentre.com\/wp-content\/uploads\/2023\/02\/ausstattung-lager-200x141.jpg 200w, https:\/\/www.germancentre.com\/wp-content\/uploads\/2023\/02\/ausstattung-lager-400x282.jpg 400w, https:\/\/www.germancentre.com\/wp-content\/uploads\/2023\/02\/ausstattung-lager-600x423.jpg 600w, https:\/\/www.germancentre.com\/wp-content\/uploads\/2023\/02\/ausstattung-lager.jpg 740w\" sizes=\"(max-width: 1023px) 100vw, 740px\" \/><\/span><\/div><div class=\"fusion-title title fusion-title-19 fusion-sep-none fusion-title-text fusion-title-size-three\" style=\"--awb-margin-bottom:0px;--awb-margin-top-small:10px;--awb-margin-right-small:0px;--awb-margin-bottom-small:10px;--awb-margin-left-small:0px;\"><h3 class=\"fusion-title-heading title-heading-left\" style=\"margin:0;\">Almac\u00e9n<\/h3><\/div><\/div><\/div><div class=\"fusion-layout-column fusion_builder_column fusion-builder-column-19 fusion_builder_column_1_1 1_1 fusion-flex-column fusion-animated teaser-card photo swiper-slide\" style=\"--awb-bg-color:var(--awb-color1);--awb-bg-color-hover:var(--awb-color1);--awb-bg-size:cover;--awb-width-large:100%;--awb-margin-top-large:20px;--awb-spacing-right-large:1.92%;--awb-margin-bottom-large:20px;--awb-spacing-left-large:1.92%;--awb-width-medium:100%;--awb-order-medium:0;--awb-spacing-right-medium:1.92%;--awb-spacing-left-medium:1.92%;--awb-width-small:100%;--awb-order-small:0;--awb-spacing-right-small:1.92%;--awb-spacing-left-small:1.92%;\" data-animationType=\"fadeInUp\" data-animationDuration=\"0.5\" data-animationOffset=\"top-mid-of-view\"><div class=\"fusion-column-wrapper fusion-column-has-shadow fusion-flex-justify-content-flex-start fusion-content-layout-column\"><div class=\"fusion-image-element \" style=\"text-align:center;--awb-margin-bottom:20px;--awb-caption-title-font-family:var(--h2_typography-font-family);--awb-caption-title-font-weight:var(--h2_typography-font-weight);--awb-caption-title-font-style:var(--h2_typography-font-style);--awb-caption-title-size:var(--h2_typography-font-size);--awb-caption-title-transform:var(--h2_typography-text-transform);--awb-caption-title-line-height:var(--h2_typography-line-height);--awb-caption-title-letter-spacing:var(--h2_typography-letter-spacing);\"><span class=\" fusion-imageframe imageframe-none imageframe-15 hover-type-none\"><img decoding=\"async\" width=\"740\" height=\"522\" title=\"Parkplatz\" src=\"https:\/\/www.germancentre.com\/wp-content\/uploads\/2023\/02\/ausstattung-parkplatz.jpg\" alt class=\"img-responsive wp-image-3221\" srcset=\"https:\/\/www.germancentre.com\/wp-content\/uploads\/2023\/02\/ausstattung-parkplatz-200x141.jpg 200w, https:\/\/www.germancentre.com\/wp-content\/uploads\/2023\/02\/ausstattung-parkplatz-400x282.jpg 400w, https:\/\/www.germancentre.com\/wp-content\/uploads\/2023\/02\/ausstattung-parkplatz-600x423.jpg 600w, https:\/\/www.germancentre.com\/wp-content\/uploads\/2023\/02\/ausstattung-parkplatz.jpg 740w\" sizes=\"(max-width: 1023px) 100vw, 740px\" \/><\/span><\/div><div class=\"fusion-title title fusion-title-20 fusion-sep-none fusion-title-text fusion-title-size-three\" style=\"--awb-margin-bottom:0px;--awb-margin-top-small:10px;--awb-margin-right-small:0px;--awb-margin-bottom-small:10px;--awb-margin-left-small:0px;\"><h3 class=\"fusion-title-heading title-heading-left\" style=\"margin:0;\">Estacionamientos<\/h3><\/div><\/div><\/div><div class=\"fusion-layout-column fusion_builder_column fusion-builder-column-20 fusion_builder_column_1_1 1_1 fusion-flex-column fusion-animated teaser-card photo swiper-slide\" style=\"--awb-bg-color:var(--awb-color1);--awb-bg-color-hover:var(--awb-color1);--awb-bg-size:cover;--awb-width-large:100%;--awb-margin-top-large:20px;--awb-spacing-right-large:1.92%;--awb-margin-bottom-large:20px;--awb-spacing-left-large:1.92%;--awb-width-medium:100%;--awb-order-medium:0;--awb-spacing-right-medium:1.92%;--awb-spacing-left-medium:1.92%;--awb-width-small:100%;--awb-order-small:0;--awb-spacing-right-small:1.92%;--awb-spacing-left-small:1.92%;\" data-animationType=\"fadeInUp\" data-animationDuration=\"0.5\" data-animationOffset=\"top-mid-of-view\"><div class=\"fusion-column-wrapper fusion-column-has-shadow fusion-flex-justify-content-flex-start fusion-content-layout-column\"><div class=\"fusion-image-element \" style=\"text-align:center;--awb-margin-bottom:20px;--awb-caption-title-font-family:var(--h2_typography-font-family);--awb-caption-title-font-weight:var(--h2_typography-font-weight);--awb-caption-title-font-style:var(--h2_typography-font-style);--awb-caption-title-size:var(--h2_typography-font-size);--awb-caption-title-transform:var(--h2_typography-text-transform);--awb-caption-title-line-height:var(--h2_typography-line-height);--awb-caption-title-letter-spacing:var(--h2_typography-letter-spacing);\"><span class=\" fusion-imageframe imageframe-none imageframe-16 hover-type-none\"><img decoding=\"async\" width=\"740\" height=\"522\" title=\"E-Ladestation\" src=\"https:\/\/www.germancentre.com\/wp-content\/uploads\/2023\/02\/ausstattung-e-ladestation.jpg\" alt class=\"img-responsive wp-image-3227\" srcset=\"https:\/\/www.germancentre.com\/wp-content\/uploads\/2023\/02\/ausstattung-e-ladestation-200x141.jpg 200w, https:\/\/www.germancentre.com\/wp-content\/uploads\/2023\/02\/ausstattung-e-ladestation-400x282.jpg 400w, https:\/\/www.germancentre.com\/wp-content\/uploads\/2023\/02\/ausstattung-e-ladestation-600x423.jpg 600w, https:\/\/www.germancentre.com\/wp-content\/uploads\/2023\/02\/ausstattung-e-ladestation.jpg 740w\" sizes=\"(max-width: 1023px) 100vw, 740px\" \/><\/span><\/div><div class=\"fusion-title title fusion-title-21 fusion-sep-none fusion-title-text fusion-title-size-three\" style=\"--awb-margin-bottom:0px;--awb-margin-top-small:10px;--awb-margin-right-small:0px;--awb-margin-bottom-small:10px;--awb-margin-left-small:0px;\"><h3 class=\"fusion-title-heading title-heading-left\" style=\"margin:0;\">Estaciones de recarga de coches<\/h3><\/div><\/div><\/div><div class=\"fusion-layout-column fusion_builder_column fusion-builder-column-21 fusion_builder_column_1_1 1_1 fusion-flex-column fusion-animated teaser-card photo swiper-slide\" style=\"--awb-bg-color:var(--awb-color1);--awb-bg-color-hover:var(--awb-color1);--awb-bg-size:cover;--awb-width-large:100%;--awb-margin-top-large:20px;--awb-spacing-right-large:1.92%;--awb-margin-bottom-large:20px;--awb-spacing-left-large:1.92%;--awb-width-medium:100%;--awb-order-medium:0;--awb-spacing-right-medium:1.92%;--awb-spacing-left-medium:1.92%;--awb-width-small:100%;--awb-order-small:0;--awb-spacing-right-small:1.92%;--awb-spacing-left-small:1.92%;\" data-animationType=\"fadeInUp\" data-animationDuration=\"0.5\" data-animationOffset=\"top-mid-of-view\"><div class=\"fusion-column-wrapper fusion-column-has-shadow fusion-flex-justify-content-flex-start fusion-content-layout-column\"><div class=\"fusion-image-element \" style=\"text-align:center;--awb-margin-bottom:20px;--awb-caption-title-font-family:var(--h2_typography-font-family);--awb-caption-title-font-weight:var(--h2_typography-font-weight);--awb-caption-title-font-style:var(--h2_typography-font-style);--awb-caption-title-size:var(--h2_typography-font-size);--awb-caption-title-transform:var(--h2_typography-text-transform);--awb-caption-title-line-height:var(--h2_typography-line-height);--awb-caption-title-letter-spacing:var(--h2_typography-letter-spacing);\"><span class=\" fusion-imageframe imageframe-none imageframe-17 hover-type-none\"><img decoding=\"async\" width=\"740\" height=\"522\" title=\"Fahrradstellplatz\" src=\"https:\/\/www.germancentre.com\/wp-content\/uploads\/2023\/02\/ausstattung-fahrradstellplatz.jpg\" alt class=\"img-responsive wp-image-3233\" srcset=\"https:\/\/www.germancentre.com\/wp-content\/uploads\/2023\/02\/ausstattung-fahrradstellplatz-200x141.jpg 200w, https:\/\/www.germancentre.com\/wp-content\/uploads\/2023\/02\/ausstattung-fahrradstellplatz-400x282.jpg 400w, https:\/\/www.germancentre.com\/wp-content\/uploads\/2023\/02\/ausstattung-fahrradstellplatz-600x423.jpg 600w, https:\/\/www.germancentre.com\/wp-content\/uploads\/2023\/02\/ausstattung-fahrradstellplatz.jpg 740w\" sizes=\"(max-width: 1023px) 100vw, 740px\" \/><\/span><\/div><div class=\"fusion-title title fusion-title-22 fusion-sep-none fusion-title-text fusion-title-size-three\" style=\"--awb-margin-bottom:0px;--awb-margin-top-small:10px;--awb-margin-right-small:0px;--awb-margin-bottom-small:10px;--awb-margin-left-small:0px;\"><h3 class=\"fusion-title-heading title-heading-left\" style=\"margin:0;\">Estacionamientos para bicicletas<\/h3><\/div><\/div><\/div><div class=\"fusion-layout-column fusion_builder_column fusion-builder-column-22 fusion_builder_column_1_1 1_1 fusion-flex-column fusion-animated teaser-card photo swiper-slide\" style=\"--awb-bg-color:var(--awb-color1);--awb-bg-color-hover:var(--awb-color1);--awb-bg-size:cover;--awb-width-large:100%;--awb-margin-top-large:20px;--awb-spacing-right-large:1.92%;--awb-margin-bottom-large:20px;--awb-spacing-left-large:1.92%;--awb-width-medium:100%;--awb-order-medium:0;--awb-spacing-right-medium:1.92%;--awb-spacing-left-medium:1.92%;--awb-width-small:100%;--awb-order-small:0;--awb-spacing-right-small:1.92%;--awb-spacing-left-small:1.92%;\" data-animationType=\"fadeInUp\" data-animationDuration=\"0.5\" data-animationOffset=\"top-mid-of-view\"><div class=\"fusion-column-wrapper fusion-column-has-shadow fusion-flex-justify-content-flex-start fusion-content-layout-column\"><div class=\"fusion-image-element \" style=\"text-align:center;--awb-margin-bottom:20px;--awb-caption-title-font-family:var(--h2_typography-font-family);--awb-caption-title-font-weight:var(--h2_typography-font-weight);--awb-caption-title-font-style:var(--h2_typography-font-style);--awb-caption-title-size:var(--h2_typography-font-size);--awb-caption-title-transform:var(--h2_typography-text-transform);--awb-caption-title-line-height:var(--h2_typography-line-height);--awb-caption-title-letter-spacing:var(--h2_typography-letter-spacing);\"><span class=\" fusion-imageframe imageframe-none imageframe-18 hover-type-none\"><img decoding=\"async\" width=\"740\" height=\"522\" title=\"Ausstattung Dusche\" src=\"https:\/\/www.germancentre.com\/wp-content\/uploads\/2023\/02\/ausstattung-dusche.jpg\" alt class=\"img-responsive wp-image-3261\" srcset=\"https:\/\/www.germancentre.com\/wp-content\/uploads\/2023\/02\/ausstattung-dusche-200x141.jpg 200w, https:\/\/www.germancentre.com\/wp-content\/uploads\/2023\/02\/ausstattung-dusche-400x282.jpg 400w, https:\/\/www.germancentre.com\/wp-content\/uploads\/2023\/02\/ausstattung-dusche-600x423.jpg 600w, https:\/\/www.germancentre.com\/wp-content\/uploads\/2023\/02\/ausstattung-dusche.jpg 740w\" sizes=\"(max-width: 1023px) 100vw, 740px\" \/><\/span><\/div><div class=\"fusion-title title fusion-title-23 fusion-sep-none fusion-title-text fusion-title-size-three\" style=\"--awb-margin-bottom:0px;--awb-margin-top-small:10px;--awb-margin-right-small:0px;--awb-margin-bottom-small:10px;--awb-margin-left-small:0px;\"><h3 class=\"fusion-title-heading title-heading-left\" style=\"margin:0;\">Ducha<\/h3><\/div><\/div><\/div><div class=\"fusion-layout-column fusion_builder_column fusion-builder-column-23 fusion_builder_column_1_1 1_1 fusion-flex-column fusion-animated teaser-card photo swiper-slide\" style=\"--awb-bg-color:var(--awb-color1);--awb-bg-color-hover:var(--awb-color1);--awb-bg-size:cover;--awb-width-large:100%;--awb-margin-top-large:20px;--awb-spacing-right-large:1.92%;--awb-margin-bottom-large:20px;--awb-spacing-left-large:1.92%;--awb-width-medium:100%;--awb-order-medium:0;--awb-spacing-right-medium:1.92%;--awb-spacing-left-medium:1.92%;--awb-width-small:100%;--awb-order-small:0;--awb-spacing-right-small:1.92%;--awb-spacing-left-small:1.92%;\" data-animationType=\"fadeInUp\" data-animationDuration=\"0.5\" data-animationOffset=\"top-mid-of-view\"><div class=\"fusion-column-wrapper fusion-column-has-shadow fusion-flex-justify-content-flex-start fusion-content-layout-column\"><div class=\"fusion-image-element \" style=\"text-align:center;--awb-margin-bottom:20px;--awb-caption-title-font-family:var(--h2_typography-font-family);--awb-caption-title-font-weight:var(--h2_typography-font-weight);--awb-caption-title-font-style:var(--h2_typography-font-style);--awb-caption-title-size:var(--h2_typography-font-size);--awb-caption-title-transform:var(--h2_typography-text-transform);--awb-caption-title-line-height:var(--h2_typography-line-height);--awb-caption-title-letter-spacing:var(--h2_typography-letter-spacing);\"><span class=\" fusion-imageframe imageframe-none imageframe-19 hover-type-none\"><img decoding=\"async\" width=\"740\" height=\"522\" title=\"Ausstattung Stillraum\" src=\"https:\/\/www.germancentre.com\/wp-content\/uploads\/2023\/02\/ausstattung-stillraum.jpg\" alt class=\"img-responsive wp-image-3259\" srcset=\"https:\/\/www.germancentre.com\/wp-content\/uploads\/2023\/02\/ausstattung-stillraum-200x141.jpg 200w, https:\/\/www.germancentre.com\/wp-content\/uploads\/2023\/02\/ausstattung-stillraum-400x282.jpg 400w, https:\/\/www.germancentre.com\/wp-content\/uploads\/2023\/02\/ausstattung-stillraum-600x423.jpg 600w, https:\/\/www.germancentre.com\/wp-content\/uploads\/2023\/02\/ausstattung-stillraum.jpg 740w\" sizes=\"(max-width: 1023px) 100vw, 740px\" \/><\/span><\/div><div class=\"fusion-title title fusion-title-24 fusion-sep-none fusion-title-text fusion-title-size-three\" style=\"--awb-margin-bottom:0px;--awb-margin-top-small:10px;--awb-margin-right-small:0px;--awb-margin-bottom-small:10px;--awb-margin-left-small:0px;\"><h3 class=\"fusion-title-heading title-heading-left\" style=\"margin:0;\">Sala de lactancia<\/h3><\/div><\/div><\/div><div class=\"fusion-layout-column fusion_builder_column fusion-builder-column-24 fusion_builder_column_1_1 1_1 fusion-flex-column fusion-animated teaser-card photo swiper-slide\" style=\"--awb-bg-color:var(--awb-color1);--awb-bg-color-hover:var(--awb-color1);--awb-bg-size:cover;--awb-width-large:100%;--awb-margin-top-large:20px;--awb-spacing-right-large:1.92%;--awb-margin-bottom-large:20px;--awb-spacing-left-large:1.92%;--awb-width-medium:100%;--awb-order-medium:0;--awb-spacing-right-medium:1.92%;--awb-spacing-left-medium:1.92%;--awb-width-small:100%;--awb-order-small:0;--awb-spacing-right-small:1.92%;--awb-spacing-left-small:1.92%;\" data-animationType=\"fadeInUp\" data-animationDuration=\"0.5\" data-animationOffset=\"top-mid-of-view\"><div class=\"fusion-column-wrapper fusion-column-has-shadow fusion-flex-justify-content-flex-start fusion-content-layout-column\"><div class=\"fusion-image-element \" style=\"text-align:center;--awb-margin-bottom:20px;--awb-caption-title-font-family:var(--h2_typography-font-family);--awb-caption-title-font-weight:var(--h2_typography-font-weight);--awb-caption-title-font-style:var(--h2_typography-font-style);--awb-caption-title-size:var(--h2_typography-font-size);--awb-caption-title-transform:var(--h2_typography-text-transform);--awb-caption-title-line-height:var(--h2_typography-line-height);--awb-caption-title-letter-spacing:var(--h2_typography-letter-spacing);\"><span class=\" fusion-imageframe imageframe-none imageframe-20 hover-type-none\"><img decoding=\"async\" width=\"740\" height=\"522\" title=\"Ausstattung Gebetsraum\" src=\"https:\/\/www.germancentre.com\/wp-content\/uploads\/2023\/02\/ausstattung-gebetsraum.jpg\" alt class=\"img-responsive wp-image-3263\" srcset=\"https:\/\/www.germancentre.com\/wp-content\/uploads\/2023\/02\/ausstattung-gebetsraum-200x141.jpg 200w, https:\/\/www.germancentre.com\/wp-content\/uploads\/2023\/02\/ausstattung-gebetsraum-400x282.jpg 400w, https:\/\/www.germancentre.com\/wp-content\/uploads\/2023\/02\/ausstattung-gebetsraum-600x423.jpg 600w, https:\/\/www.germancentre.com\/wp-content\/uploads\/2023\/02\/ausstattung-gebetsraum.jpg 740w\" sizes=\"(max-width: 1023px) 100vw, 740px\" \/><\/span><\/div><div class=\"fusion-title title fusion-title-25 fusion-sep-none fusion-title-text fusion-title-size-three\" style=\"--awb-margin-bottom:0px;--awb-margin-top-small:10px;--awb-margin-right-small:0px;--awb-margin-bottom-small:10px;--awb-margin-left-small:0px;\"><h3 class=\"fusion-title-heading title-heading-left\" style=\"margin:0;\">Sala de oraci\u00f3n<\/h3><\/div><\/div><\/div><\/div><\/div><\/p>\n","protected":false},"excerpt":{"rendered":"","protected":false},"author":1,"featured_media":0,"parent":8048,"menu_order":0,"comment_status":"closed","ping_status":"closed","template":"100-width.php","meta":{"_acf_changed":false,"footnotes":""},"page_tag":[],"class_list":["post-11889","page","type-page","status-publish","hentry"],"acf":[],"yoast_head":"<!-- This site is optimized with the Yoast SEO plugin v27.3 - https:\/\/yoast.com\/product\/yoast-seo-wordpress\/ -->\n<title>Sustainable leasing of commercial space<\/title>\n<meta name=\"description\" content=\"Discover the benefits of our coworking space - Flexible working and a motivating work environment for the self-employed.\" \/>\n<meta name=\"robots\" content=\"index, follow, max-snippet:-1, max-image-preview:large, max-video-preview:-1\" \/>\n<link rel=\"canonical\" href=\"https:\/\/www.germancentre.com\/es\/leistungen\/raume-und-buros\/\" \/>\n<meta property=\"og:locale\" content=\"es_ES\" \/>\n<meta property=\"og:type\" content=\"article\" \/>\n<meta property=\"og:title\" content=\"Sustainable leasing of commercial space\" \/>\n<meta property=\"og:description\" content=\"Discover the benefits of our coworking space - Flexible working and a motivating work environment for the self-employed.\" \/>\n<meta property=\"og:url\" content=\"https:\/\/www.germancentre.com\/es\/leistungen\/raume-und-buros\/\" \/>\n<meta property=\"og:site_name\" content=\"German Centres\" \/>\n<meta property=\"article:modified_time\" content=\"2024-04-23T11:32:37+00:00\" \/>\n<meta name=\"twitter:card\" content=\"summary_large_image\" \/>\n<meta name=\"twitter:label1\" content=\"Tiempo de lectura\" \/>\n\t<meta name=\"twitter:data1\" content=\"8 minutos\" \/>\n<script type=\"application\/ld+json\" class=\"yoast-schema-graph\">{\"@context\":\"https:\\\/\\\/schema.org\",\"@graph\":[{\"@type\":\"WebPage\",\"@id\":\"https:\\\/\\\/www.germancentre.com\\\/es\\\/leistungen\\\/raume-und-buros\\\/\",\"url\":\"https:\\\/\\\/www.germancentre.com\\\/es\\\/leistungen\\\/raume-und-buros\\\/\",\"name\":\"Sustainable leasing of commercial space\",\"isPartOf\":{\"@id\":\"https:\\\/\\\/www.germancentre.com\\\/es\\\/#website\"},\"datePublished\":\"2023-01-31T14:33:07+00:00\",\"dateModified\":\"2024-04-23T11:32:37+00:00\",\"description\":\"Discover the benefits of our coworking space - Flexible working and a motivating work environment for the self-employed.\",\"breadcrumb\":{\"@id\":\"https:\\\/\\\/www.germancentre.com\\\/es\\\/leistungen\\\/raume-und-buros\\\/#breadcrumb\"},\"inLanguage\":\"es\",\"potentialAction\":[{\"@type\":\"ReadAction\",\"target\":[\"https:\\\/\\\/www.germancentre.com\\\/es\\\/leistungen\\\/raume-und-buros\\\/\"]}]},{\"@type\":\"BreadcrumbList\",\"@id\":\"https:\\\/\\\/www.germancentre.com\\\/es\\\/leistungen\\\/raume-und-buros\\\/#breadcrumb\",\"itemListElement\":[{\"@type\":\"ListItem\",\"position\":1,\"name\":\"Home\",\"item\":\"https:\\\/\\\/www.germancentre.com\\\/es\\\/\"},{\"@type\":\"ListItem\",\"position\":2,\"name\":\"Servicios\",\"item\":\"https:\\\/\\\/www.germancentre.com\\\/es\\\/vorteile\\\/\"},{\"@type\":\"ListItem\",\"position\":3,\"name\":\"Oficinas y espacios\"}]},{\"@type\":\"WebSite\",\"@id\":\"https:\\\/\\\/www.germancentre.com\\\/es\\\/#website\",\"url\":\"https:\\\/\\\/www.germancentre.com\\\/es\\\/\",\"name\":\"German Centres\",\"description\":\"German Centres worldwide\",\"potentialAction\":[{\"@type\":\"SearchAction\",\"target\":{\"@type\":\"EntryPoint\",\"urlTemplate\":\"https:\\\/\\\/www.germancentre.com\\\/es\\\/?s={search_term_string}\"},\"query-input\":{\"@type\":\"PropertyValueSpecification\",\"valueRequired\":true,\"valueName\":\"search_term_string\"}}],\"inLanguage\":\"es\"}]}<\/script>\n<!-- \/ Yoast SEO plugin. -->","yoast_head_json":{"title":"Sustainable leasing of commercial space","description":"Discover the benefits of our coworking space - Flexible working and a motivating work environment for the self-employed.","robots":{"index":"index","follow":"follow","max-snippet":"max-snippet:-1","max-image-preview":"max-image-preview:large","max-video-preview":"max-video-preview:-1"},"canonical":"https:\/\/www.germancentre.com\/es\/leistungen\/raume-und-buros\/","og_locale":"es_ES","og_type":"article","og_title":"Sustainable leasing of commercial space","og_description":"Discover the benefits of our coworking space - Flexible working and a motivating work environment for the self-employed.","og_url":"https:\/\/www.germancentre.com\/es\/leistungen\/raume-und-buros\/","og_site_name":"German Centres","article_modified_time":"2024-04-23T11:32:37+00:00","twitter_card":"summary_large_image","twitter_misc":{"Tiempo de lectura":"8 minutos"},"schema":{"@context":"https:\/\/schema.org","@graph":[{"@type":"WebPage","@id":"https:\/\/www.germancentre.com\/es\/leistungen\/raume-und-buros\/","url":"https:\/\/www.germancentre.com\/es\/leistungen\/raume-und-buros\/","name":"Sustainable leasing of commercial space","isPartOf":{"@id":"https:\/\/www.germancentre.com\/es\/#website"},"datePublished":"2023-01-31T14:33:07+00:00","dateModified":"2024-04-23T11:32:37+00:00","description":"Discover the benefits of our coworking space - Flexible working and a motivating work environment for the self-employed.","breadcrumb":{"@id":"https:\/\/www.germancentre.com\/es\/leistungen\/raume-und-buros\/#breadcrumb"},"inLanguage":"es","potentialAction":[{"@type":"ReadAction","target":["https:\/\/www.germancentre.com\/es\/leistungen\/raume-und-buros\/"]}]},{"@type":"BreadcrumbList","@id":"https:\/\/www.germancentre.com\/es\/leistungen\/raume-und-buros\/#breadcrumb","itemListElement":[{"@type":"ListItem","position":1,"name":"Home","item":"https:\/\/www.germancentre.com\/es\/"},{"@type":"ListItem","position":2,"name":"Servicios","item":"https:\/\/www.germancentre.com\/es\/vorteile\/"},{"@type":"ListItem","position":3,"name":"Oficinas y espacios"}]},{"@type":"WebSite","@id":"https:\/\/www.germancentre.com\/es\/#website","url":"https:\/\/www.germancentre.com\/es\/","name":"German Centres","description":"German Centres worldwide","potentialAction":[{"@type":"SearchAction","target":{"@type":"EntryPoint","urlTemplate":"https:\/\/www.germancentre.com\/es\/?s={search_term_string}"},"query-input":{"@type":"PropertyValueSpecification","valueRequired":true,"valueName":"search_term_string"}}],"inLanguage":"es"}]}},"_links":{"self":[{"href":"https:\/\/www.germancentre.com\/es\/wp-json\/wp\/v2\/pages\/11889","targetHints":{"allow":["GET"]}}],"collection":[{"href":"https:\/\/www.germancentre.com\/es\/wp-json\/wp\/v2\/pages"}],"about":[{"href":"https:\/\/www.germancentre.com\/es\/wp-json\/wp\/v2\/types\/page"}],"author":[{"embeddable":true,"href":"https:\/\/www.germancentre.com\/es\/wp-json\/wp\/v2\/users\/1"}],"replies":[{"embeddable":true,"href":"https:\/\/www.germancentre.com\/es\/wp-json\/wp\/v2\/comments?post=11889"}],"version-history":[{"count":7,"href":"https:\/\/www.germancentre.com\/es\/wp-json\/wp\/v2\/pages\/11889\/revisions"}],"predecessor-version":[{"id":13303,"href":"https:\/\/www.germancentre.com\/es\/wp-json\/wp\/v2\/pages\/11889\/revisions\/13303"}],"up":[{"embeddable":true,"href":"https:\/\/www.germancentre.com\/es\/wp-json\/wp\/v2\/pages\/8048"}],"wp:attachment":[{"href":"https:\/\/www.germancentre.com\/es\/wp-json\/wp\/v2\/media?parent=11889"}],"wp:term":[{"taxonomy":"page_tag","embeddable":true,"href":"https:\/\/www.germancentre.com\/es\/wp-json\/wp\/v2\/page_tag?post=11889"}],"curies":[{"name":"wp","href":"https:\/\/api.w.org\/{rel}","templated":true}]}}